{"id":10006,"date":"2022-11-11T10:41:25","date_gmt":"2022-11-11T10:41:25","guid":{"rendered":"https:\/\/padsweb.es\/miguelpsiquiatra\/?page_id=10006"},"modified":"2022-11-11T10:41:26","modified_gmt":"2022-11-11T10:41:26","slug":"politica-de-privacidad","status":"publish","type":"page","link":"https:\/\/padsweb.es\/miguelpsiquiatra\/politica-de-privacidad\/","title":{"rendered":"Pol\u00edtica de Privacidad"},"content":{"rendered":"<p>[et_pb_section fb_built=\u00bb1&#8243; custom_padding_last_edited=\u00bbon|phone\u00bb admin_label=\u00bbHeader\u00bb _builder_version=\u00bb4.18.1&#8243; _module_preset=\u00bbdefault\u00bb use_background_color_gradient=\u00bbon\u00bb background_color_gradient_direction=\u00bb90deg\u00bb background_color_gradient_stops=\u00bb#ffffff 0%|rgba(255,255,255,0.58) 100%\u00bb background_color_gradient_overlays_image=\u00bbon\u00bb background_color_gradient_start=\u00bb#ffffff\u00bb background_color_gradient_end=\u00bbrgba(255,255,255,0.58)\u00bb background_image=\u00bbhttps:\/\/padsweb.es\/miguelpsiquiatra\/wp-content\/uploads\/2022\/11\/azules.png\u00bb background_size=\u00bbinitial\u00bb background_position=\u00bbbottom_center\u00bb background_repeat=\u00bbrepeat\u00bb custom_padding=\u00bb120px||120px||true|false\u00bb custom_padding_tablet=\u00bb80px||80px||true|false\u00bb custom_padding_phone=\u00bb50px||50px||true|false\u00bb hover_enabled=\u00bb0&#8243; locked=\u00bboff\u00bb global_colors_info=\u00bb{}\u00bb title_text=\u00bbazules\u00bb sticky_enabled=\u00bb0&#8243; theme_builder_area=\u00bbpost_content\u00bb][et_pb_row custom_padding_last_edited=\u00bbon|phone\u00bb _builder_version=\u00bb4.16&#8243; _module_preset=\u00bbdefault\u00bb background_color=\u00bb#ffffff\u00bb custom_padding=\u00bb80px|80px|80px|80px|true|true\u00bb custom_padding_tablet=\u00bb60px|30px|60px|30px|true|true\u00bb custom_padding_phone=\u00bb30px|20px|30px|20px|true|true\u00bb animation_style=\u00bbflip\u00bb animation_direction=\u00bbtop\u00bb animation_duration=\u00bb500ms\u00bb animation_intensity_flip=\u00bb10%\u00bb animation_intensity_flip_tablet=\u00bb0%\u00bb animation_intensity_flip_phone=\u00bb\u00bb animation_intensity_flip_last_edited=\u00bbon|tablet\u00bb border_radii=\u00bbon|15px|15px|15px|15px\u00bb box_shadow_style=\u00bbpreset2&#8243; box_shadow_horizontal=\u00bb10px\u00bb box_shadow_vertical=\u00bb10px\u00bb box_shadow_blur=\u00bb25px\u00bb box_shadow_color=\u00bbrgba(50,71,71,0.15)\u00bb global_colors_info=\u00bb{}\u00bb theme_builder_area=\u00bbpost_content\u00bb][et_pb_column type=\u00bb4_4&#8243; _builder_version=\u00bb4.16&#8243; _module_preset=\u00bbdefault\u00bb global_colors_info=\u00bb{}\u00bb theme_builder_area=\u00bbpost_content\u00bb][et_pb_text _builder_version=\u00bb4.18.1&#8243; _module_preset=\u00bbdefault\u00bb header_font=\u00bb|600|||||||\u00bb header_text_color=\u00bb#0b4475&#8243; header_font_size=\u00bb80px\u00bb header_line_height=\u00bb1.2em\u00bb text_orientation=\u00bbcenter\u00bb hover_enabled=\u00bb0&#8243; header_font_size_tablet=\u00bb40px\u00bb header_font_size_phone=\u00bb24px\u00bb header_font_size_last_edited=\u00bbon|phone\u00bb locked=\u00bboff\u00bb global_colors_info=\u00bb{}\u00bb theme_builder_area=\u00bbpost_content\u00bb sticky_enabled=\u00bb0&#8243;]<\/p>\n<h1>Pol\u00edtica de Privacidad<\/h1>\n<p>[\/et_pb_text][et_pb_text _builder_version=\u00bb4.18.1&#8243; _module_preset=\u00bbdefault\u00bb text_font=\u00bb||||||||\u00bb text_font_size=\u00bb16px\u00bb text_line_height=\u00bb1.6em\u00bb text_orientation=\u00bbcenter\u00bb max_width=\u00bb700px\u00bb module_alignment=\u00bbcenter\u00bb hover_enabled=\u00bb0&#8243; text_font_size_tablet=\u00bb\u00bb text_font_size_phone=\u00bb14px\u00bb text_font_size_last_edited=\u00bbon|phone\u00bb locked=\u00bboff\u00bb global_colors_info=\u00bb{}\u00bb theme_builder_area=\u00bbpost_content\u00bb sticky_enabled=\u00bb0&#8243;]<\/p>\n<p style=\"text-align: justify;\">MIGUEL SOLER ARREBOLA, como responsable del presente Sitio Web y de conformidad con lo dispuesto por la Ley Org\u00e1nica 15\/1999, de 13 de diciembre, de Protecci\u00f3n de Datos de Car\u00e1cter Personal (LOPD) y por la Ley 34\/2002, de 11 de julio, de Servicios de la Sociedad de la Informaci\u00f3n y de Comercio Electr\u00f3nico (LSSICE), ha puesto en pr\u00e1ctica aquellas pol\u00edticas, medios y procedimientos t\u00e9cnicos y organizativos para garantizar y proteger la confidencialidad, integridad y disponibilidad de los datos de car\u00e1cter personal de sus usuarios. Estos datos ser\u00e1n tratados en un\/os fichero\/s debidamente inscrito\/s en la Agencia Espa\u00f1ola de Protecci\u00f3n de Datos, de conformidad con lo establecido en la legislaci\u00f3n vigente.<\/p>\n<p style=\"text-align: justify;\">En el caso de que los datos a facilitar por el Usuario fueran necesarios para que el equipo de MIGUEL SOLER ARREBOLA pudiera i) responder a las consultas, proporcionar informaciones requeridas por el Usuario; ii) realizar toda aquella prestaci\u00f3n de servicios y\/o productos contratados o suscritos por el Usuario; iii) proporcionar acceso al Usuario a determinadas funcionalidades del Sitio Web; o bien iv) realizar todas aquellas actividades propias de MIGUEL SOLER ARREBOLA por la presente rese\u00f1adas, MIGUEL SOLER ARREBOLA informar\u00e1 de dicha obligatoriedad al Usuario, indic\u00e1ndole qu\u00e9 datos son de necesaria cumplimentaci\u00f3n. Mediante la indicaci\u00f3n, facilitaci\u00f3n o introducci\u00f3n de dichos datos y de conformidad con lo establecido en el art\u00edculo 6 de la L.O.P.D., el Usuario otorga consentimiento inequ\u00edvoco a MIGUEL SOLER ARREBOLA para que proceda al tratamiento de los datos facilitados en pro de los fines mencionados anteriormente as\u00ed como para el eventual env\u00edo de comunicaciones comerciales de MIGUEL SOLER ARREBOLA que puedan ser del inter\u00e9s del usuario.<\/p>\n<p style=\"text-align: justify;\">La entidad responsable de la base de datos, as\u00ed como los que intervengan en cualquier fase del tratamiento y\/o las entidades a quienes les hayan sido comunicadas -en su caso y en virtud de la correspondiente autorizaci\u00f3n conferida por el Usuario-, est\u00e1n obligadas a observar el secreto profesional y a adoptar los niveles de protecci\u00f3n y las medidas t\u00e9cnicas y organizativas necesarias a su alcance que garanticen la seguridad de los datos de car\u00e1cter personal, evitando, en la medida de lo posible, accesos no autorizados, modificaciones il\u00edcitas, sustracciones y\/o la p\u00e9rdida de los datos, a fin de procurar el correspondiente nivel de seguridad a los ficheros de MIGUEL SOLER ARREBOLA, seg\u00fan la naturaleza y sensibilidad de los datos facilitados por los usuarios del presente Sitio Web. Asimismo, MIGUEL SOLER ARREBOLA se compromete a tener implementadas las medidas de seguridad que correspondan en virtud de lo establecido en el Reglamento de Medidas de (R.D. 1720\/2007).<\/p>\n<p style=\"text-align: justify;\">Los usuarios tienen reconocida por la indicada Ley Org\u00e1nica de Protecci\u00f3n de Datos los derechos de acceso, rectificaci\u00f3n, cancelaci\u00f3n y oposici\u00f3n y, en su caso, el derecho a revocar en cualquier momento el consentimiento prestado a la recepci\u00f3n de comunicaciones comerciales mediante el env\u00edo de correo electr\u00f3nico a miguelpsiquiatra@hotmail.com o carta a BULEVAR DE EL EJIDO 404 1\u00baA\u00a0\u00a0 04700, EL EJIDO .<\/p>\n<p>[\/et_pb_text][\/et_pb_column][\/et_pb_row][\/et_pb_section]<\/p>\n","protected":false},"excerpt":{"rendered":"<p>Pol\u00edtica de PrivacidadMIGUEL SOLER ARREBOLA, como responsable del presente Sitio Web y de conformidad con lo dispuesto por la Ley Org\u00e1nica 15\/1999, de 13 de diciembre, de Protecci\u00f3n de Datos de Car\u00e1cter Personal (LOPD) y por la Ley 34\/2002, de 11 de julio, de Servicios de la Sociedad de la Informaci\u00f3n y de Comercio Electr\u00f3nico [&hellip;]<\/p>\n","protected":false},"author":2,"featured_media":0,"parent":0,"menu_order":0,"comment_status":"closed","ping_status":"closed","template":"","meta":{"_et_pb_use_builder":"on","_et_pb_old_content":"","_et_gb_content_width":"","_monsterinsights_skip_tracking":false,"_monsterinsights_sitenote_active":false,"_monsterinsights_sitenote_note":"","_monsterinsights_sitenote_category":0,"_joinchat":[],"footnotes":""},"class_list":["post-10006","page","type-page","status-publish","hentry"],"yoast_head":"<!-- This site is optimized with the Yoast SEO plugin v27.4 - https:\/\/yoast.com\/product\/yoast-seo-wordpress\/ -->\n<title>Pol\u00edtica de Privacidad - Dr. Miguel Soler Arrebola<\/title>\n<meta name=\"robots\" content=\"index, follow, max-snippet:-1, max-image-preview:large, max-video-preview:-1\" \/>\n<link rel=\"canonical\" href=\"https:\/\/padsweb.es\/miguelpsiquiatra\/politica-de-privacidad\/\" \/>\n<meta property=\"og:locale\" content=\"es_ES\" \/>\n<meta property=\"og:type\" content=\"article\" \/>\n<meta property=\"og:title\" content=\"Pol\u00edtica de Privacidad - Dr. Miguel Soler Arrebola\" \/>\n<meta property=\"og:description\" content=\"Pol\u00edtica de PrivacidadMIGUEL SOLER ARREBOLA, como responsable del presente Sitio Web y de conformidad con lo dispuesto por la Ley Org\u00e1nica 15\/1999, de 13 de diciembre, de Protecci\u00f3n de Datos de Car\u00e1cter Personal (LOPD) y por la Ley 34\/2002, de 11 de julio, de Servicios de la Sociedad de la Informaci\u00f3n y de Comercio Electr\u00f3nico [&hellip;]\" \/>\n<meta property=\"og:url\" content=\"https:\/\/padsweb.es\/miguelpsiquiatra\/politica-de-privacidad\/\" \/>\n<meta property=\"og:site_name\" content=\"Dr. Miguel Soler Arrebola\" \/>\n<meta property=\"article:modified_time\" content=\"2022-11-11T10:41:26+00:00\" \/>\n<meta name=\"twitter:card\" content=\"summary_large_image\" \/>\n<script type=\"application\/ld+json\" class=\"yoast-schema-graph\">{\"@context\":\"https:\\\/\\\/schema.org\",\"@graph\":[{\"@type\":\"WebPage\",\"@id\":\"https:\\\/\\\/padsweb.es\\\/miguelpsiquiatra\\\/politica-de-privacidad\\\/\",\"url\":\"https:\\\/\\\/padsweb.es\\\/miguelpsiquiatra\\\/politica-de-privacidad\\\/\",\"name\":\"Pol\u00edtica de Privacidad - Dr. Miguel Soler Arrebola\",\"isPartOf\":{\"@id\":\"https:\\\/\\\/padsweb.es\\\/miguelpsiquiatra\\\/#website\"},\"datePublished\":\"2022-11-11T10:41:25+00:00\",\"dateModified\":\"2022-11-11T10:41:26+00:00\",\"breadcrumb\":{\"@id\":\"https:\\\/\\\/padsweb.es\\\/miguelpsiquiatra\\\/politica-de-privacidad\\\/#breadcrumb\"},\"inLanguage\":\"es\",\"potentialAction\":[{\"@type\":\"ReadAction\",\"target\":[\"https:\\\/\\\/padsweb.es\\\/miguelpsiquiatra\\\/politica-de-privacidad\\\/\"]}]},{\"@type\":\"BreadcrumbList\",\"@id\":\"https:\\\/\\\/padsweb.es\\\/miguelpsiquiatra\\\/politica-de-privacidad\\\/#breadcrumb\",\"itemListElement\":[{\"@type\":\"ListItem\",\"position\":1,\"name\":\"Portada\",\"item\":\"https:\\\/\\\/padsweb.es\\\/miguelpsiquiatra\\\/\"},{\"@type\":\"ListItem\",\"position\":2,\"name\":\"Pol\u00edtica de Privacidad\"}]},{\"@type\":\"WebSite\",\"@id\":\"https:\\\/\\\/padsweb.es\\\/miguelpsiquiatra\\\/#website\",\"url\":\"https:\\\/\\\/padsweb.es\\\/miguelpsiquiatra\\\/\",\"name\":\"Dr. Miguel Soler Arrebola\",\"description\":\"Psiquiatra\",\"potentialAction\":[{\"@type\":\"SearchAction\",\"target\":{\"@type\":\"EntryPoint\",\"urlTemplate\":\"https:\\\/\\\/padsweb.es\\\/miguelpsiquiatra\\\/?s={search_term_string}\"},\"query-input\":{\"@type\":\"PropertyValueSpecification\",\"valueRequired\":true,\"valueName\":\"search_term_string\"}}],\"inLanguage\":\"es\"}]}<\/script>\n<!-- \/ Yoast SEO plugin. -->","yoast_head_json":{"title":"Pol\u00edtica de Privacidad - Dr. Miguel Soler Arrebola","robots":{"index":"index","follow":"follow","max-snippet":"max-snippet:-1","max-image-preview":"max-image-preview:large","max-video-preview":"max-video-preview:-1"},"canonical":"https:\/\/padsweb.es\/miguelpsiquiatra\/politica-de-privacidad\/","og_locale":"es_ES","og_type":"article","og_title":"Pol\u00edtica de Privacidad - Dr. Miguel Soler Arrebola","og_description":"Pol\u00edtica de PrivacidadMIGUEL SOLER ARREBOLA, como responsable del presente Sitio Web y de conformidad con lo dispuesto por la Ley Org\u00e1nica 15\/1999, de 13 de diciembre, de Protecci\u00f3n de Datos de Car\u00e1cter Personal (LOPD) y por la Ley 34\/2002, de 11 de julio, de Servicios de la Sociedad de la Informaci\u00f3n y de Comercio Electr\u00f3nico [&hellip;]","og_url":"https:\/\/padsweb.es\/miguelpsiquiatra\/politica-de-privacidad\/","og_site_name":"Dr. Miguel Soler Arrebola","article_modified_time":"2022-11-11T10:41:26+00:00","twitter_card":"summary_large_image","schema":{"@context":"https:\/\/schema.org","@graph":[{"@type":"WebPage","@id":"https:\/\/padsweb.es\/miguelpsiquiatra\/politica-de-privacidad\/","url":"https:\/\/padsweb.es\/miguelpsiquiatra\/politica-de-privacidad\/","name":"Pol\u00edtica de Privacidad - Dr. Miguel Soler Arrebola","isPartOf":{"@id":"https:\/\/padsweb.es\/miguelpsiquiatra\/#website"},"datePublished":"2022-11-11T10:41:25+00:00","dateModified":"2022-11-11T10:41:26+00:00","breadcrumb":{"@id":"https:\/\/padsweb.es\/miguelpsiquiatra\/politica-de-privacidad\/#breadcrumb"},"inLanguage":"es","potentialAction":[{"@type":"ReadAction","target":["https:\/\/padsweb.es\/miguelpsiquiatra\/politica-de-privacidad\/"]}]},{"@type":"BreadcrumbList","@id":"https:\/\/padsweb.es\/miguelpsiquiatra\/politica-de-privacidad\/#breadcrumb","itemListElement":[{"@type":"ListItem","position":1,"name":"Portada","item":"https:\/\/padsweb.es\/miguelpsiquiatra\/"},{"@type":"ListItem","position":2,"name":"Pol\u00edtica de Privacidad"}]},{"@type":"WebSite","@id":"https:\/\/padsweb.es\/miguelpsiquiatra\/#website","url":"https:\/\/padsweb.es\/miguelpsiquiatra\/","name":"Dr. Miguel Soler Arrebola","description":"Psiquiatra","potentialAction":[{"@type":"SearchAction","target":{"@type":"EntryPoint","urlTemplate":"https:\/\/padsweb.es\/miguelpsiquiatra\/?s={search_term_string}"},"query-input":{"@type":"PropertyValueSpecification","valueRequired":true,"valueName":"search_term_string"}}],"inLanguage":"es"}]}},"_links":{"self":[{"href":"https:\/\/padsweb.es\/miguelpsiquiatra\/wp-json\/wp\/v2\/pages\/10006","targetHints":{"allow":["GET"]}}],"collection":[{"href":"https:\/\/padsweb.es\/miguelpsiquiatra\/wp-json\/wp\/v2\/pages"}],"about":[{"href":"https:\/\/padsweb.es\/miguelpsiquiatra\/wp-json\/wp\/v2\/types\/page"}],"author":[{"embeddable":true,"href":"https:\/\/padsweb.es\/miguelpsiquiatra\/wp-json\/wp\/v2\/users\/2"}],"replies":[{"embeddable":true,"href":"https:\/\/padsweb.es\/miguelpsiquiatra\/wp-json\/wp\/v2\/comments?post=10006"}],"version-history":[{"count":2,"href":"https:\/\/padsweb.es\/miguelpsiquiatra\/wp-json\/wp\/v2\/pages\/10006\/revisions"}],"predecessor-version":[{"id":10008,"href":"https:\/\/padsweb.es\/miguelpsiquiatra\/wp-json\/wp\/v2\/pages\/10006\/revisions\/10008"}],"wp:attachment":[{"href":"https:\/\/padsweb.es\/miguelpsiquiatra\/wp-json\/wp\/v2\/media?parent=10006"}],"curies":[{"name":"wp","href":"https:\/\/api.w.org\/{rel}","templated":true}]}}