{"id":9631,"date":"2022-11-03T12:33:33","date_gmt":"2022-11-03T12:33:33","guid":{"rendered":"https:\/\/padsweb.es\/miguelpsiquiatra\/?page_id=9631"},"modified":"2022-11-11T10:43:35","modified_gmt":"2022-11-11T10:43:35","slug":"aviso-legal","status":"publish","type":"page","link":"https:\/\/padsweb.es\/miguelpsiquiatra\/aviso-legal\/","title":{"rendered":"Aviso legal"},"content":{"rendered":"<p>[et_pb_section fb_built=\u00bb1&#8243; custom_padding_last_edited=\u00bbon|phone\u00bb admin_label=\u00bbHeader\u00bb _builder_version=\u00bb4.18.1&#8243; _module_preset=\u00bbdefault\u00bb use_background_color_gradient=\u00bbon\u00bb background_color_gradient_direction=\u00bb90deg\u00bb background_color_gradient_stops=\u00bb#ffffff 0%|rgba(255,255,255,0.58) 100%\u00bb background_color_gradient_overlays_image=\u00bbon\u00bb background_color_gradient_start=\u00bb#ffffff\u00bb background_color_gradient_end=\u00bbrgba(255,255,255,0.58)\u00bb background_image=\u00bbhttps:\/\/padsweb.es\/miguelpsiquiatra\/wp-content\/uploads\/2022\/11\/azules.png\u00bb background_size=\u00bbinitial\u00bb background_position=\u00bbbottom_center\u00bb background_repeat=\u00bbrepeat\u00bb custom_padding=\u00bb120px||120px||true|false\u00bb custom_padding_tablet=\u00bb80px||80px||true|false\u00bb custom_padding_phone=\u00bb50px||50px||true|false\u00bb hover_enabled=\u00bb0&#8243; locked=\u00bboff\u00bb global_colors_info=\u00bb{}\u00bb title_text=\u00bbazules\u00bb sticky_enabled=\u00bb0&#8243;][et_pb_row custom_padding_last_edited=\u00bbon|phone\u00bb _builder_version=\u00bb4.16&#8243; _module_preset=\u00bbdefault\u00bb background_color=\u00bb#ffffff\u00bb custom_padding=\u00bb80px|80px|80px|80px|true|true\u00bb custom_padding_tablet=\u00bb60px|30px|60px|30px|true|true\u00bb custom_padding_phone=\u00bb30px|20px|30px|20px|true|true\u00bb animation_style=\u00bbflip\u00bb animation_direction=\u00bbtop\u00bb animation_duration=\u00bb500ms\u00bb animation_intensity_flip=\u00bb10%\u00bb animation_intensity_flip_tablet=\u00bb0%\u00bb animation_intensity_flip_phone=\u00bb\u00bb animation_intensity_flip_last_edited=\u00bbon|tablet\u00bb border_radii=\u00bbon|15px|15px|15px|15px\u00bb box_shadow_style=\u00bbpreset2&#8243; box_shadow_horizontal=\u00bb10px\u00bb box_shadow_vertical=\u00bb10px\u00bb box_shadow_blur=\u00bb25px\u00bb box_shadow_color=\u00bbrgba(50,71,71,0.15)\u00bb global_colors_info=\u00bb{}\u00bb][et_pb_column type=\u00bb4_4&#8243; _builder_version=\u00bb4.16&#8243; _module_preset=\u00bbdefault\u00bb global_colors_info=\u00bb{}\u00bb][et_pb_text _builder_version=\u00bb4.18.1&#8243; _module_preset=\u00bbdefault\u00bb header_font=\u00bbPoppins|600|||||||\u00bb header_text_color=\u00bb#0b4475&#8243; header_font_size=\u00bb80px\u00bb header_line_height=\u00bb1.2em\u00bb text_orientation=\u00bbcenter\u00bb header_font_size_tablet=\u00bb40px\u00bb header_font_size_phone=\u00bb24px\u00bb header_font_size_last_edited=\u00bbon|phone\u00bb locked=\u00bboff\u00bb global_colors_info=\u00bb{}\u00bb]<\/p>\n<h1>Aviso Legal<\/h1>\n<p>[\/et_pb_text][et_pb_text _builder_version=\u00bb4.18.1&#8243; _module_preset=\u00bbdefault\u00bb text_font=\u00bbWork Sans||||||||\u00bb text_font_size=\u00bb16px\u00bb text_line_height=\u00bb1.6em\u00bb text_orientation=\u00bbcenter\u00bb max_width=\u00bb700px\u00bb module_alignment=\u00bbcenter\u00bb text_font_size_tablet=\u00bb\u00bb text_font_size_phone=\u00bb14px\u00bb text_font_size_last_edited=\u00bbon|phone\u00bb locked=\u00bboff\u00bb global_colors_info=\u00bb{}\u00bb]<\/p>\n<p style=\"text-align: justify;\"><b>1. Informaci\u00f3n Corporativa<\/b><\/p>\n<p style=\"text-align: justify;\">En virtud de las obligaciones establecidas por la Ley 34\/2002, de Servicios de la Sociedad de la Informaci\u00f3n y de Comercio Electr\u00f3nico, le informamos que el presente sitio web es propiedad de MIGUEL SOLER ARREBOLA, con C.I.F. 24194928D con domicilio en BULEVAR DE EL EJIDO 404 1\u00baA\u00a0 , 04700 EL EJIDO , (Almer\u00eda) y con los siguientes datos de contacto: 667291166 \/ miguelpsiquiatra@hotmail.com.<\/p>\n<p style=\"text-align: justify;\"><b>2. Protecci\u00f3n de Contenidos<\/b><\/p>\n<p style=\"text-align: justify;\">El usuario reconoce y acepta que todos los derechos de propiedad industrial e intelectual sobre los contenidos y\/o cualesquiera otros elementos insertados por MIGUEL SOLER ARREBOLA en el presente Sitio Web (incluyendo, a t\u00edtulo meramente enunciativo y no limitativo, todos aquellos elementos que conforman la apariencia visual, imagen gr\u00e1fica y otros est\u00edmulos sensoriales del sitio web o \u00ablook and feel\u00bb: marcas, logotipos, nombres comerciales, textos, im\u00e1genes, gr\u00e1ficos, dise\u00f1os, sonidos, bases de datos, software, diagramas de flujo, presentaci\u00f3n, arquitectura de navegaci\u00f3n, as\u00ed como los c\u00f3digos fuente de las p\u00e1ginas web) pertenecen a MIGUEL SOLER ARREBOLA y\/o a terceros a los cuales les han cedido sus derechos.<\/p>\n<p style=\"text-align: justify;\">En ning\u00fan caso el acceso al Sitio Web implica alg\u00fan tipo de permiso, renuncia, transmisi\u00f3n, licencia o cesi\u00f3n total ni parcial de dichos derechos por parte de sus titulares, salvo que se establezca expresamente lo contrario. Los presentes t\u00e9rminos y condiciones de uso del Sitio Web no confieren a los USUARIOS ning\u00fan otro derecho de utilizaci\u00f3n, alteraci\u00f3n, explotaci\u00f3n, reproducci\u00f3n, distribuci\u00f3n o comunicaci\u00f3n p\u00fablica del Sitio Web y\/o de sus contenidos distintos de los aqu\u00ed expresamente previstos.<\/p>\n<p style=\"text-align: justify;\">Queda terminantemente prohibida la utilizaci\u00f3n de tales elementos, su total o parcial reproducci\u00f3n, comunicaci\u00f3n y\/o distribuci\u00f3n con fines comerciales o lucrativos, as\u00ed como su modificaci\u00f3n, alteraci\u00f3n, descompilaci\u00f3n y\/o cualquier otro acto de explotaci\u00f3n del Sitio Web.<\/p>\n<p style=\"text-align: justify;\">Sin perjuicio de todo lo anterior, si el Usuario o un tercero estima que alg\u00fan contenido del Sitio Web pudiera vulnerar derechos de propiedad intelectual e industrial, rogamos as\u00ed lo pongan en nuestro conocimiento a la mayor brevedad posible.<\/p>\n<p style=\"text-align: justify;\"><b>3. Acceso y Uso del Sitio Web<\/b><\/p>\n<p style=\"text-align: justify;\">Tanto el acceso al Sitio Web como el uso no consentido que pueda efectuarse de la informaci\u00f3n contenida en el mismo es de la exclusiva responsabilidad de quien lo realiza.<\/p>\n<p style=\"text-align: justify;\">El usuario se compromete a utilizar los contenidos, informaci\u00f3n y datos del Sitio Web de conformidad con las presentes condiciones, t\u00e9rminos y pol\u00edticas, con la normativa de aplicaci\u00f3n y con las buenas costumbres generalmente aceptadas y el orden p\u00fablico.<\/p>\n<p style=\"text-align: justify;\">El usuario se obliga a abstenerse de utilizar los contenidos del Sitio Web con fines o efectos il\u00edcitos, prohibidos o contrarios a los aqu\u00ed establecidos, lesivos de los derechos e intereses de MIGUEL SOLER ARREBOLA, de los dem\u00e1s usuarios, de terceros o que de cualquier forma puedan da\u00f1ar, inutilizar, sobrecargar o deteriorar el presente Sitio Web o impedir la normal utilizaci\u00f3n o disfrute del mismo por parte de los usuarios.<\/p>\n<p style=\"text-align: justify;\">MIGUEL SOLER ARREBOLA no responder\u00e1 de ninguna consecuencia, da\u00f1o o perjuicio que pudiera derivarse de dicho acceso o uso o del incumplimiento de las presentes condiciones, t\u00e9rminos y pol\u00edticas ni se har\u00e1 responsable de los errores de seguridad que se puedan producir ni de los da\u00f1os que puedan causarse al sistema inform\u00e1tico del usuario (hardware y software) o a los ficheros o documentos almacenados en el mismo como consecuencia de: (i) la presencia de un virus en el ordenador del usuario que sea utilizado para la conexi\u00f3n a los servicios y\/o productos ofrecidos por MIGUEL SOLER ARREBOLA a trav\u00e9s de su Sitio Web; (ii) un mal funcionamiento del navegador; (iii) el uso de versiones no actualizadas del mismo.<\/p>\n<p style=\"text-align: justify;\"><b>4. Enlaces a terceros<\/b><\/p>\n<p style=\"text-align: justify;\">En el presente Sitio Web se pueden utilizar enlaces con otras p\u00e1ginas o sitios web. MIGUEL SOLER ARREBOLA no se responsabiliza ni del contenido ni de las medidas de seguridad adoptadas por cualquier otra p\u00e1gina o sitio web a trav\u00e9s del cual se tiene acceso desde el presente Sitio Web, sitios a los que accede el interesado bajo su exclusiva responsabilidad.<\/p>\n<p style=\"text-align: justify;\">Asimismo, tampoco se garantiza la ausencia de virus u otros elementos en los contenidos enlazados desde el Sitio Web de MIGUEL SOLER ARREBOLA que puedan producir alteraciones en el sistema inform\u00e1tico (hardware y software) y\/o en los documentos o los ficheros del Usuario, excluyendo asimismo a MIGUEL SOLER ARREBOLA de toda responsabilidad derivada de los da\u00f1os de cualquier \u00edndole ocasionados por todo lo anterior.<\/p>\n<p style=\"text-align: justify;\"><b>5. Redes sociales<\/b><\/p>\n<p style=\"text-align: justify;\">Le informamos qu\u00e9 MIGUEL SOLER ARREBOLA puede tener presencia en redes sociales. El tratamiento de los datos que se lleve a cabo de las personas que se hagan seguidoras en las redes sociales (y\/o realicen cualquier v\u00ednculo o acci\u00f3n de conexi\u00f3n a trav\u00e9s de las redes sociales) de las p\u00e1ginas oficiales de MIGUEL SOLER ARREBOLA se regir\u00e1 por este apartado, as\u00ed como por aquellas condiciones de uso, pol\u00edticas de privacidad y normativas de acceso que pertenezcan a la red social que proceda en cada caso y aceptadas previamente por el usuario.<\/p>\n<p style=\"text-align: justify;\">MIGUEL SOLER ARREBOLA tratar\u00e1 sus datos con las finalidades de administrar correctamente su presencia en la red social, inform\u00e1ndole de actividades productos o servicios de MIGUEL SOLER ARREBOLA, as\u00ed como para cualquier otra finalidad que las normativas de las Redes Sociales permitan.<\/p>\n<p style=\"text-align: justify;\">Queda prohibida la publicaci\u00f3n de contenidos:<\/p>\n<p style=\"text-align: justify;\">\u2013 Que sean presuntamente il\u00edcitos por la normativa nacional, comunitaria o internacional o que realicen actividades presuntamente il\u00edcitas o contravengan los principios de la buena fe.<\/p>\n<p style=\"text-align: justify;\">\u2013 Que atenten contra los derechos fundamentales de las personas, falten a la cortes\u00eda en la red, molesten o puedan generar opiniones negativas en nuestros usuarios o terceros y en general cualesquiera sean los contenidos que MIGUEL SOLER ARREBOLA considere no apropiados.<\/p>\n<p style=\"text-align: justify;\">\u2013 Y en general que contravengan los principios de legalidad, honradez, responsabilidad, protecci\u00f3n de la dignidad humana, protecci\u00f3n de menores, protecci\u00f3n del orden p\u00fablico, la protecci\u00f3n de la vida privada, la protecci\u00f3n del consumidor y los derechos de propiedad intelectual e industrial.<\/p>\n<p style=\"text-align: justify;\">Asimismo, MIGUEL SOLER ARREBOLA se reserva la potestad de retirar, sin previo aviso del sitio web o de la red social corporativa aquellos contenidos que se consideren no apropiados.<\/p>\n<p style=\"text-align: justify;\"><b>6. Modificaci\u00f3n de AVISO LEGAL, Pol\u00edtica de Privacidad y de Protecci\u00f3n de Datos.<\/b><\/p>\n<p style=\"text-align: justify;\">El Responsable del Fichero se reserva el derecho a modificar en todo momento y sin previo aviso las presentes condiciones, t\u00e9rminos y pol\u00edticas de privacidad para adaptarlas a las novedades legislativas o jurisprudenciales as\u00ed como a las modificaciones o pr\u00e1cticas de la industria, debiendo el usuario consultar peri\u00f3dicamente las presentes condiciones, t\u00e9rminos y pol\u00edticas a fin de comprobar o cerciorarse de la existencia de cambios en las mismas, tomando como referencia la fecha de la \u00faltima actualizaci\u00f3n.<\/p>\n<p>[\/et_pb_text][\/et_pb_column][\/et_pb_row][\/et_pb_section]<\/p>\n","protected":false},"excerpt":{"rendered":"<p>Aviso Legal1. Informaci\u00f3n Corporativa En virtud de las obligaciones establecidas por la Ley 34\/2002, de Servicios de la Sociedad de la Informaci\u00f3n y de Comercio Electr\u00f3nico, le informamos que el presente sitio web es propiedad de MIGUEL SOLER ARREBOLA, con C.I.F. 24194928D con domicilio en BULEVAR DE EL EJIDO 404 1\u00baA\u00a0 , 04700 EL EJIDO [&hellip;]<\/p>\n","protected":false},"author":2,"featured_media":0,"parent":0,"menu_order":0,"comment_status":"closed","ping_status":"closed","template":"","meta":{"_et_pb_use_builder":"on","_et_pb_old_content":"","_et_gb_content_width":"","_monsterinsights_skip_tracking":false,"_monsterinsights_sitenote_active":false,"_monsterinsights_sitenote_note":"","_monsterinsights_sitenote_category":0,"_joinchat":[],"footnotes":""},"class_list":["post-9631","page","type-page","status-publish","hentry"],"yoast_head":"<!-- This site is optimized with the Yoast SEO plugin v27.4 - https:\/\/yoast.com\/product\/yoast-seo-wordpress\/ -->\n<title>Aviso legal - Dr. Miguel Soler Arrebola<\/title>\n<meta name=\"robots\" content=\"index, follow, max-snippet:-1, max-image-preview:large, max-video-preview:-1\" \/>\n<link rel=\"canonical\" href=\"https:\/\/padsweb.es\/miguelpsiquiatra\/aviso-legal\/\" \/>\n<meta property=\"og:locale\" content=\"es_ES\" \/>\n<meta property=\"og:type\" content=\"article\" \/>\n<meta property=\"og:title\" content=\"Aviso legal - Dr. Miguel Soler Arrebola\" \/>\n<meta property=\"og:description\" content=\"Aviso Legal1. Informaci\u00f3n Corporativa En virtud de las obligaciones establecidas por la Ley 34\/2002, de Servicios de la Sociedad de la Informaci\u00f3n y de Comercio Electr\u00f3nico, le informamos que el presente sitio web es propiedad de MIGUEL SOLER ARREBOLA, con C.I.F. 24194928D con domicilio en BULEVAR DE EL EJIDO 404 1\u00baA\u00a0 , 04700 EL EJIDO [&hellip;]\" \/>\n<meta property=\"og:url\" content=\"https:\/\/padsweb.es\/miguelpsiquiatra\/aviso-legal\/\" \/>\n<meta property=\"og:site_name\" content=\"Dr. Miguel Soler Arrebola\" \/>\n<meta property=\"article:modified_time\" content=\"2022-11-11T10:43:35+00:00\" \/>\n<meta name=\"twitter:card\" content=\"summary_large_image\" \/>\n<script type=\"application\/ld+json\" class=\"yoast-schema-graph\">{\"@context\":\"https:\\\/\\\/schema.org\",\"@graph\":[{\"@type\":\"WebPage\",\"@id\":\"https:\\\/\\\/padsweb.es\\\/miguelpsiquiatra\\\/aviso-legal\\\/\",\"url\":\"https:\\\/\\\/padsweb.es\\\/miguelpsiquiatra\\\/aviso-legal\\\/\",\"name\":\"Aviso legal - Dr. Miguel Soler Arrebola\",\"isPartOf\":{\"@id\":\"https:\\\/\\\/padsweb.es\\\/miguelpsiquiatra\\\/#website\"},\"datePublished\":\"2022-11-03T12:33:33+00:00\",\"dateModified\":\"2022-11-11T10:43:35+00:00\",\"breadcrumb\":{\"@id\":\"https:\\\/\\\/padsweb.es\\\/miguelpsiquiatra\\\/aviso-legal\\\/#breadcrumb\"},\"inLanguage\":\"es\",\"potentialAction\":[{\"@type\":\"ReadAction\",\"target\":[\"https:\\\/\\\/padsweb.es\\\/miguelpsiquiatra\\\/aviso-legal\\\/\"]}]},{\"@type\":\"BreadcrumbList\",\"@id\":\"https:\\\/\\\/padsweb.es\\\/miguelpsiquiatra\\\/aviso-legal\\\/#breadcrumb\",\"itemListElement\":[{\"@type\":\"ListItem\",\"position\":1,\"name\":\"Portada\",\"item\":\"https:\\\/\\\/padsweb.es\\\/miguelpsiquiatra\\\/\"},{\"@type\":\"ListItem\",\"position\":2,\"name\":\"Aviso legal\"}]},{\"@type\":\"WebSite\",\"@id\":\"https:\\\/\\\/padsweb.es\\\/miguelpsiquiatra\\\/#website\",\"url\":\"https:\\\/\\\/padsweb.es\\\/miguelpsiquiatra\\\/\",\"name\":\"Dr. Miguel Soler Arrebola\",\"description\":\"Psiquiatra\",\"potentialAction\":[{\"@type\":\"SearchAction\",\"target\":{\"@type\":\"EntryPoint\",\"urlTemplate\":\"https:\\\/\\\/padsweb.es\\\/miguelpsiquiatra\\\/?s={search_term_string}\"},\"query-input\":{\"@type\":\"PropertyValueSpecification\",\"valueRequired\":true,\"valueName\":\"search_term_string\"}}],\"inLanguage\":\"es\"}]}<\/script>\n<!-- \/ Yoast SEO plugin. -->","yoast_head_json":{"title":"Aviso legal - Dr. Miguel Soler Arrebola","robots":{"index":"index","follow":"follow","max-snippet":"max-snippet:-1","max-image-preview":"max-image-preview:large","max-video-preview":"max-video-preview:-1"},"canonical":"https:\/\/padsweb.es\/miguelpsiquiatra\/aviso-legal\/","og_locale":"es_ES","og_type":"article","og_title":"Aviso legal - Dr. Miguel Soler Arrebola","og_description":"Aviso Legal1. Informaci\u00f3n Corporativa En virtud de las obligaciones establecidas por la Ley 34\/2002, de Servicios de la Sociedad de la Informaci\u00f3n y de Comercio Electr\u00f3nico, le informamos que el presente sitio web es propiedad de MIGUEL SOLER ARREBOLA, con C.I.F. 24194928D con domicilio en BULEVAR DE EL EJIDO 404 1\u00baA\u00a0 , 04700 EL EJIDO [&hellip;]","og_url":"https:\/\/padsweb.es\/miguelpsiquiatra\/aviso-legal\/","og_site_name":"Dr. Miguel Soler Arrebola","article_modified_time":"2022-11-11T10:43:35+00:00","twitter_card":"summary_large_image","schema":{"@context":"https:\/\/schema.org","@graph":[{"@type":"WebPage","@id":"https:\/\/padsweb.es\/miguelpsiquiatra\/aviso-legal\/","url":"https:\/\/padsweb.es\/miguelpsiquiatra\/aviso-legal\/","name":"Aviso legal - Dr. Miguel Soler Arrebola","isPartOf":{"@id":"https:\/\/padsweb.es\/miguelpsiquiatra\/#website"},"datePublished":"2022-11-03T12:33:33+00:00","dateModified":"2022-11-11T10:43:35+00:00","breadcrumb":{"@id":"https:\/\/padsweb.es\/miguelpsiquiatra\/aviso-legal\/#breadcrumb"},"inLanguage":"es","potentialAction":[{"@type":"ReadAction","target":["https:\/\/padsweb.es\/miguelpsiquiatra\/aviso-legal\/"]}]},{"@type":"BreadcrumbList","@id":"https:\/\/padsweb.es\/miguelpsiquiatra\/aviso-legal\/#breadcrumb","itemListElement":[{"@type":"ListItem","position":1,"name":"Portada","item":"https:\/\/padsweb.es\/miguelpsiquiatra\/"},{"@type":"ListItem","position":2,"name":"Aviso legal"}]},{"@type":"WebSite","@id":"https:\/\/padsweb.es\/miguelpsiquiatra\/#website","url":"https:\/\/padsweb.es\/miguelpsiquiatra\/","name":"Dr. Miguel Soler Arrebola","description":"Psiquiatra","potentialAction":[{"@type":"SearchAction","target":{"@type":"EntryPoint","urlTemplate":"https:\/\/padsweb.es\/miguelpsiquiatra\/?s={search_term_string}"},"query-input":{"@type":"PropertyValueSpecification","valueRequired":true,"valueName":"search_term_string"}}],"inLanguage":"es"}]}},"_links":{"self":[{"href":"https:\/\/padsweb.es\/miguelpsiquiatra\/wp-json\/wp\/v2\/pages\/9631","targetHints":{"allow":["GET"]}}],"collection":[{"href":"https:\/\/padsweb.es\/miguelpsiquiatra\/wp-json\/wp\/v2\/pages"}],"about":[{"href":"https:\/\/padsweb.es\/miguelpsiquiatra\/wp-json\/wp\/v2\/types\/page"}],"author":[{"embeddable":true,"href":"https:\/\/padsweb.es\/miguelpsiquiatra\/wp-json\/wp\/v2\/users\/2"}],"replies":[{"embeddable":true,"href":"https:\/\/padsweb.es\/miguelpsiquiatra\/wp-json\/wp\/v2\/comments?post=9631"}],"version-history":[{"count":4,"href":"https:\/\/padsweb.es\/miguelpsiquiatra\/wp-json\/wp\/v2\/pages\/9631\/revisions"}],"predecessor-version":[{"id":10009,"href":"https:\/\/padsweb.es\/miguelpsiquiatra\/wp-json\/wp\/v2\/pages\/9631\/revisions\/10009"}],"wp:attachment":[{"href":"https:\/\/padsweb.es\/miguelpsiquiatra\/wp-json\/wp\/v2\/media?parent=9631"}],"curies":[{"name":"wp","href":"https:\/\/api.w.org\/{rel}","templated":true}]}}