{"id":9841,"date":"2022-11-08T16:01:16","date_gmt":"2022-11-08T16:01:16","guid":{"rendered":"https:\/\/padsweb.es\/miguelpsiquiatra\/?page_id=9841"},"modified":"2022-11-11T12:26:25","modified_gmt":"2022-11-11T12:26:25","slug":"depresion","status":"publish","type":"page","link":"https:\/\/padsweb.es\/miguelpsiquiatra\/depresion\/","title":{"rendered":"Depresi\u00f3n"},"content":{"rendered":"<p>[et_pb_section fb_built=\u00bb1&#8243; admin_label=\u00bbAbout\u00bb _builder_version=\u00bb4.16&#8243; _module_preset=\u00bbdefault\u00bb locked=\u00bboff\u00bb global_colors_info=\u00bb{}\u00bb][et_pb_row column_structure=\u00bb2_5,3_5&#8243; _builder_version=\u00bb4.16&#8243; _module_preset=\u00bbdefault\u00bb global_colors_info=\u00bb{}\u00bb][et_pb_column type=\u00bb2_5&#8243; _builder_version=\u00bb4.16&#8243; _module_preset=\u00bbdefault\u00bb global_colors_info=\u00bb{}\u00bb][et_pb_text _builder_version=\u00bb4.18.1&#8243; _module_preset=\u00bbdefault\u00bb text_font=\u00bb||||||||\u00bb text_font_size=\u00bb16px\u00bb text_line_height=\u00bb1.8em\u00bb header_2_font=\u00bb|600|||||||\u00bb header_2_text_color=\u00bb#031c47&#8243; header_2_font_size=\u00bb60px\u00bb header_2_line_height=\u00bb1.2em\u00bb text_font_size_tablet=\u00bb14px\u00bb text_font_size_phone=\u00bb14px\u00bb text_font_size_last_edited=\u00bbon|phone\u00bb header_2_font_size_tablet=\u00bb42px\u00bb header_2_font_size_phone=\u00bb24px\u00bb header_2_font_size_last_edited=\u00bbon|phone\u00bb locked=\u00bboff\u00bb global_colors_info=\u00bb{}\u00bb]<\/p>\n<h2>Depresi\u00f3n<\/h2>\n<p>[\/et_pb_text][\/et_pb_column][et_pb_column type=\u00bb3_5&#8243; _builder_version=\u00bb4.16&#8243; _module_preset=\u00bbdefault\u00bb global_colors_info=\u00bb{}\u00bb][et_pb_text _builder_version=\u00bb4.18.1&#8243; _module_preset=\u00bbdefault\u00bb text_font=\u00bb||||||||\u00bb text_font_size=\u00bb16px\u00bb text_line_height=\u00bb1.8em\u00bb max_width=\u00bb700px\u00bb module_alignment=\u00bbcenter\u00bb text_font_size_tablet=\u00bb\u00bb text_font_size_phone=\u00bb14px\u00bb text_font_size_last_edited=\u00bbon|phone\u00bb locked=\u00bboff\u00bb global_colors_info=\u00bb{}\u00bb]<\/p>\n<p>La depresi\u00f3n est\u00e1 causada por alteraciones en el funcionamiento del cerebro y como otros trastornos m\u00e9dicos, por ejemplo diabetes o la hipertensi\u00f3n, requiere de un tratamiento m\u00e9dico. Aparte del tratamiento m\u00e9dico se requiere investigar las causas psicol\u00f3gicas por las que se han producido la depresi\u00f3n y tratarlas mediante t\u00e9cnicas psicol\u00f3gicas.<\/p>\n<p>En nuestra cl\u00ednica estamos especializados en tratar tanto con f\u00e1rmacos como con psicoterapia los cuadros depresivos con el objetivo de buscar la curaci\u00f3n lo m\u00e1s r\u00e1pidamente posible y evitando secuelas permanentes para que la persona vuelva a realizar su vida normal.<\/p>\n<p>La depresi\u00f3n no es una debilidad personal, ni una exageraci\u00f3n o una simulaci\u00f3n del malestar.<\/p>\n<p>La depresi\u00f3n no es s\u00f3lo sentirnos tristes. La tristeza es normal tras perder un trabajo, tras una ruptura sentimental u otros reveses que nos da la vida. Pero cuando esta tristeza es constante, dura m\u00e1s de dos semanas, nos afecta a nuestra vida normal, a nuestra energ\u00eda y nos impide sentirnos felices y disfrutar de nuestras aficiones, podemos estar ante lo que los psiquiatras llamamos Depresi\u00f3n.<\/p>\n<p>[\/et_pb_text][\/et_pb_column][\/et_pb_row][\/et_pb_section][et_pb_section fb_built=\u00bb1&#8243; admin_label=\u00bbInfo\u00bb _builder_version=\u00bb4.16&#8243; _module_preset=\u00bbdefault\u00bb locked=\u00bboff\u00bb global_colors_info=\u00bb{}\u00bb][et_pb_row _builder_version=\u00bb4.18.1&#8243; _module_preset=\u00bbdefault\u00bb global_colors_info=\u00bb{}\u00bb][et_pb_column type=\u00bb4_4&#8243; _builder_version=\u00bb4.18.1&#8243; _module_preset=\u00bbdefault\u00bb global_colors_info=\u00bb{}\u00bb][et_pb_text _builder_version=\u00bb4.18.1&#8243; _module_preset=\u00bbdefault\u00bb header_2_font=\u00bb|600|||||||\u00bb header_2_text_color=\u00bb#0b4475&#8243; header_2_font_size=\u00bb60px\u00bb header_2_line_height=\u00bb1.2em\u00bb text_orientation=\u00bbcenter\u00bb header_2_font_size_tablet=\u00bb42px\u00bb header_2_font_size_phone=\u00bb24px\u00bb header_2_font_size_last_edited=\u00bbon|phone\u00bb locked=\u00bboff\u00bb global_colors_info=\u00bb{}\u00bb]<\/p>\n<h2>Sintomas de la depresi\u00f3n<\/h2>\n<p>[\/et_pb_text][\/et_pb_column][\/et_pb_row][et_pb_row column_structure=\u00bb1_2,1_2&#8243; _builder_version=\u00bb4.18.1&#8243; _module_preset=\u00bbdefault\u00bb global_colors_info=\u00bb{}\u00bb][et_pb_column type=\u00bb1_2&#8243; _builder_version=\u00bb4.16&#8243; _module_preset=\u00bbdefault\u00bb global_colors_info=\u00bb{}\u00bb][et_pb_image src=\u00bbhttps:\/\/padsweb.es\/miguelpsiquiatra\/wp-content\/uploads\/2022\/11\/nube-dilema-oculto-depresion-felicidad_53876-121412.webp\u00bb title_text=\u00bbnube-dilema-oculto-depresion-felicidad_53876-121412&#8243; _builder_version=\u00bb4.18.1&#8243; _module_preset=\u00bbdefault\u00bb animation_style=\u00bbflip\u00bb animation_direction=\u00bbtop\u00bb animation_duration=\u00bb500ms\u00bb animation_intensity_flip=\u00bb10%\u00bb animation_intensity_flip_tablet=\u00bb0%\u00bb animation_intensity_flip_phone=\u00bb\u00bb animation_intensity_flip_last_edited=\u00bbon|tablet\u00bb border_radii=\u00bboff|60px||60px|\u00bb border_radii_tablet=\u00bboff|40px||40px|\u00bb border_radii_phone=\u00bboff|30px||30px|\u00bb border_radii_last_edited=\u00bbon|phone\u00bb box_shadow_horizontal_tablet=\u00bb20px\u00bb box_shadow_horizontal_phone=\u00bb10px\u00bb box_shadow_horizontal_last_edited=\u00bbon|phone\u00bb box_shadow_vertical_tablet=\u00bb20px\u00bb box_shadow_vertical_phone=\u00bb10px\u00bb box_shadow_vertical_last_edited=\u00bbon|phone\u00bb box_shadow_blur_tablet=\u00bb30px\u00bb box_shadow_blur_phone=\u00bb30px\u00bb box_shadow_blur_last_edited=\u00bbon|tablet\u00bb locked=\u00bboff\u00bb global_colors_info=\u00bb{}\u00bb][\/et_pb_image][\/et_pb_column][et_pb_column type=\u00bb1_2&#8243; _builder_version=\u00bb4.16&#8243; _module_preset=\u00bbdefault\u00bb global_colors_info=\u00bb{}\u00bb][et_pb_text _builder_version=\u00bb4.18.1&#8243; _module_preset=\u00bbdefault\u00bb text_font=\u00bb||||||||\u00bb text_font_size=\u00bb16px\u00bb text_line_height=\u00bb1.8em\u00bb max_width=\u00bb700px\u00bb module_alignment=\u00bbcenter\u00bb text_font_size_tablet=\u00bb\u00bb text_font_size_phone=\u00bb14px\u00bb text_font_size_last_edited=\u00bbon|phone\u00bb locked=\u00bboff\u00bb global_colors_info=\u00bb{}\u00bb]<\/p>\n<ul>\n<li>Estar tristes, desanimados con ganas de llorar<\/li>\n<li>Perdida de ilusi\u00f3n<\/li>\n<li>Cansancio exagerado<\/li>\n<li>Dificultad para concentrarnos y p\u00e9rdida de memoria.<\/li>\n<li>P\u00e9rdida de confianza en nosotros mismos y sentimientos de inferioridad<\/li>\n<li>P\u00e9rdida de inter\u00e9s por las cosas y aficiones que antes nos gustaban.<\/li>\n<li>Sentimientos de inutilidad de impotencia ante la vida<\/li>\n<li>Ansiedad. Dificultad para dormir.<\/li>\n<li>En ocasiones sentimientos de que la vida no tiene sentido y aparici\u00f3n de ideas de suicidio.<\/li>\n<\/ul>\n<p>[\/et_pb_text][\/et_pb_column][\/et_pb_row][\/et_pb_section][et_pb_section fb_built=\u00bb1&#8243; admin_label=\u00bbHow it Works\u00bb _builder_version=\u00bb4.18.1&#8243; _module_preset=\u00bbdefault\u00bb background_color=\u00bb#cddee5&#8243; width_tablet=\u00bb80%\u00bb width_phone=\u00bb\u00bb width_last_edited=\u00bbon|phone\u00bb max_width=\u00bb1080px\u00bb module_alignment=\u00bbcenter\u00bb custom_margin=\u00bb80px||80px||true|false\u00bb custom_margin_tablet=\u00bb||60px||false|false\u00bb custom_margin_phone=\u00bb\u00bb custom_margin_last_edited=\u00bbon|phone\u00bb border_radii=\u00bbon|10px|10px|10px|10px\u00bb locked=\u00bboff\u00bb global_colors_info=\u00bb{}\u00bb][et_pb_row custom_padding_last_edited=\u00bbon|phone\u00bb _builder_version=\u00bb4.16&#8243; _module_preset=\u00bbdefault\u00bb background_color=\u00bb#ffffff\u00bb custom_padding=\u00bb80px|80px|80px|80px|true|true\u00bb custom_padding_tablet=\u00bb40px|30px|40px|30px|true|true\u00bb custom_padding_phone=\u00bb30px|20px|30px|20px|true|true\u00bb animation_style=\u00bbflip\u00bb animation_direction=\u00bbtop\u00bb animation_duration=\u00bb500ms\u00bb animation_intensity_flip=\u00bb10%\u00bb animation_intensity_flip_tablet=\u00bb0%\u00bb animation_intensity_flip_phone=\u00bb\u00bb animation_intensity_flip_last_edited=\u00bbon|tablet\u00bb border_radii=\u00bbon|15px|15px|15px|15px\u00bb box_shadow_style=\u00bbpreset2&#8243; box_shadow_horizontal=\u00bb10px\u00bb box_shadow_vertical=\u00bb10px\u00bb box_shadow_blur=\u00bb25px\u00bb box_shadow_color=\u00bbrgba(50,71,71,0.15)\u00bb locked=\u00bboff\u00bb global_colors_info=\u00bb{}\u00bb][et_pb_column type=\u00bb4_4&#8243; _builder_version=\u00bb4.16&#8243; _module_preset=\u00bbdefault\u00bb global_colors_info=\u00bb{}\u00bb][et_pb_contact_form captcha=\u00bboff\u00bb email=\u00bbmiguelpsiquiatra@hotmail.com\u00bb title=\u00bbContactar\u00bb success_message=\u00bbMensaje enviado con \u00e9xito.\u00bb submit_button_text=\u00bbEnviar\u00bb _builder_version=\u00bb4.18.1&#8243; _module_preset=\u00bbdefault\u00bb form_field_background_color=\u00bbrgba(50,71,71,0.03)\u00bb form_field_text_color=\u00bbrgba(0,39,37,0.6)\u00bb form_field_focus_background_color=\u00bbrgba(50,71,71,0.05)\u00bb form_field_focus_text_color=\u00bb#005450&#8243; form_field_custom_padding=\u00bb|25px||25px|false|true\u00bb form_field_custom_padding_tablet=\u00bb\u00bb form_field_custom_padding_phone=\u00bb|15px||15px|false|true\u00bb form_field_custom_padding_last_edited=\u00bbon|phone\u00bb title_font=\u00bb|600|||||||\u00bb title_text_align=\u00bbcenter\u00bb title_text_color=\u00bb#0a4879&#8243; title_font_size=\u00bb60px\u00bb title_line_height=\u00bb1.4em\u00bb form_field_font=\u00bb|600|||||||\u00bb form_field_font_size=\u00bb18px\u00bb form_field_line_height=\u00bb1.4em\u00bb custom_button=\u00bbon\u00bb button_text_size=\u00bb14px\u00bb button_text_color=\u00bb#ffffff\u00bb button_bg_color=\u00bb#0a4879&#8243; button_border_width=\u00bb0px\u00bb button_border_radius=\u00bb100px\u00bb button_letter_spacing=\u00bb2px\u00bb button_font=\u00bb|||on|||||\u00bb button_custom_padding=\u00bb18px|35px|18px|35px|true|true\u00bb button_custom_padding_tablet=\u00bb14px||14px||true|false\u00bb button_custom_padding_phone=\u00bb12px||12px||true|false\u00bb button_custom_padding_last_edited=\u00bbon|phone\u00bb title_font_size_tablet=\u00bb42px\u00bb title_font_size_phone=\u00bb24px\u00bb title_font_size_last_edited=\u00bbon|phone\u00bb form_field_font_size_tablet=\u00bb16px\u00bb form_field_font_size_phone=\u00bb12px\u00bb form_field_font_size_last_edited=\u00bbon|phone\u00bb button_text_size_tablet=\u00bb\u00bb button_text_size_phone=\u00bb12px\u00bb button_text_size_last_edited=\u00bbon|phone\u00bb border_radii=\u00bbon|27px|27px|27px|27px\u00bb border_radii_tablet=\u00bbon|20px|20px|20px|20px\u00bb border_radii_phone=\u00bbon|10px|10px|10px|10px\u00bb border_radii_last_edited=\u00bbon|phone\u00bb global_colors_info=\u00bb{}\u00bb button_bg_color__hover=\u00bb#687791&#8243; button_bg_color__hover_enabled=\u00bbon|hover\u00bb][et_pb_contact_field field_id=\u00bbNombre\u00bb field_title=\u00bbNombre\u00bb _builder_version=\u00bb4.18.1&#8243; global_colors_info=\u00bb{}\u00bb button_text_size__hover_enabled=\u00bboff\u00bb button_one_text_size__hover_enabled=\u00bboff\u00bb button_two_text_size__hover_enabled=\u00bboff\u00bb button_text_color__hover_enabled=\u00bboff\u00bb button_one_text_color__hover_enabled=\u00bboff\u00bb button_two_text_color__hover_enabled=\u00bboff\u00bb button_border_width__hover_enabled=\u00bboff\u00bb button_one_border_width__hover_enabled=\u00bboff\u00bb button_two_border_width__hover_enabled=\u00bboff\u00bb button_border_color__hover_enabled=\u00bboff\u00bb button_one_border_color__hover_enabled=\u00bboff\u00bb button_two_border_color__hover_enabled=\u00bboff\u00bb button_border_radius__hover_enabled=\u00bboff\u00bb button_one_border_radius__hover_enabled=\u00bboff\u00bb button_two_border_radius__hover_enabled=\u00bboff\u00bb button_letter_spacing__hover_enabled=\u00bboff\u00bb button_one_letter_spacing__hover_enabled=\u00bboff\u00bb button_two_letter_spacing__hover_enabled=\u00bboff\u00bb button_bg_color__hover_enabled=\u00bboff\u00bb button_one_bg_color__hover_enabled=\u00bboff\u00bb button_two_bg_color__hover_enabled=\u00bboff\u00bb][\/et_pb_contact_field][et_pb_contact_field field_id=\u00bbEmail\u00bb field_title=\u00bbDirecci\u00f3n de correo elect\u00f3nico\u00bb field_type=\u00bbemail\u00bb _builder_version=\u00bb4.18.1&#8243; global_colors_info=\u00bb{}\u00bb button_text_size__hover_enabled=\u00bboff\u00bb button_one_text_size__hover_enabled=\u00bboff\u00bb button_two_text_size__hover_enabled=\u00bboff\u00bb button_text_color__hover_enabled=\u00bboff\u00bb button_one_text_color__hover_enabled=\u00bboff\u00bb button_two_text_color__hover_enabled=\u00bboff\u00bb button_border_width__hover_enabled=\u00bboff\u00bb button_one_border_width__hover_enabled=\u00bboff\u00bb button_two_border_width__hover_enabled=\u00bboff\u00bb button_border_color__hover_enabled=\u00bboff\u00bb button_one_border_color__hover_enabled=\u00bboff\u00bb button_two_border_color__hover_enabled=\u00bboff\u00bb button_border_radius__hover_enabled=\u00bboff\u00bb button_one_border_radius__hover_enabled=\u00bboff\u00bb button_two_border_radius__hover_enabled=\u00bboff\u00bb button_letter_spacing__hover_enabled=\u00bboff\u00bb button_one_letter_spacing__hover_enabled=\u00bboff\u00bb button_two_letter_spacing__hover_enabled=\u00bboff\u00bb button_bg_color__hover_enabled=\u00bboff\u00bb button_one_bg_color__hover_enabled=\u00bboff\u00bb button_two_bg_color__hover_enabled=\u00bboff\u00bb][\/et_pb_contact_field][et_pb_contact_field field_id=\u00bbMessage\u00bb field_title=\u00bbMensaje\u00bb field_type=\u00bbtext\u00bb fullwidth_field=\u00bbon\u00bb _builder_version=\u00bb4.18.1&#8243; global_colors_info=\u00bb{}\u00bb button_text_size__hover_enabled=\u00bboff\u00bb button_one_text_size__hover_enabled=\u00bboff\u00bb button_two_text_size__hover_enabled=\u00bboff\u00bb button_text_color__hover_enabled=\u00bboff\u00bb button_one_text_color__hover_enabled=\u00bboff\u00bb button_two_text_color__hover_enabled=\u00bboff\u00bb button_border_width__hover_enabled=\u00bboff\u00bb button_one_border_width__hover_enabled=\u00bboff\u00bb button_two_border_width__hover_enabled=\u00bboff\u00bb button_border_color__hover_enabled=\u00bboff\u00bb button_one_border_color__hover_enabled=\u00bboff\u00bb button_two_border_color__hover_enabled=\u00bboff\u00bb button_border_radius__hover_enabled=\u00bboff\u00bb button_one_border_radius__hover_enabled=\u00bboff\u00bb button_two_border_radius__hover_enabled=\u00bboff\u00bb button_letter_spacing__hover_enabled=\u00bboff\u00bb button_one_letter_spacing__hover_enabled=\u00bboff\u00bb button_two_letter_spacing__hover_enabled=\u00bboff\u00bb button_bg_color__hover_enabled=\u00bboff\u00bb button_one_bg_color__hover_enabled=\u00bboff\u00bb button_two_bg_color__hover_enabled=\u00bboff\u00bb][\/et_pb_contact_field][\/et_pb_contact_form][\/et_pb_column][\/et_pb_row][\/et_pb_section]<\/p>\n","protected":false},"excerpt":{"rendered":"<p>Depresi\u00f3nLa depresi\u00f3n est\u00e1 causada por alteraciones en el funcionamiento del cerebro y como otros trastornos m\u00e9dicos, por ejemplo diabetes o la hipertensi\u00f3n, requiere de un tratamiento m\u00e9dico. Aparte del tratamiento m\u00e9dico se requiere investigar las causas psicol\u00f3gicas por las que se han producido la depresi\u00f3n y tratarlas mediante t\u00e9cnicas psicol\u00f3gicas. En nuestra cl\u00ednica estamos especializados [&hellip;]<\/p>\n","protected":false},"author":2,"featured_media":0,"parent":0,"menu_order":0,"comment_status":"closed","ping_status":"closed","template":"","meta":{"_et_pb_use_builder":"on","_et_pb_old_content":"","_et_gb_content_width":"","_monsterinsights_skip_tracking":false,"_monsterinsights_sitenote_active":false,"_monsterinsights_sitenote_note":"","_monsterinsights_sitenote_category":0,"_joinchat":[],"footnotes":""},"class_list":["post-9841","page","type-page","status-publish","hentry"],"yoast_head":"<!-- This site is optimized with the Yoast SEO plugin v27.4 - https:\/\/yoast.com\/product\/yoast-seo-wordpress\/ -->\n<title>Depresi\u00f3n - Dr. Miguel Soler Arrebola<\/title>\n<meta name=\"robots\" content=\"index, follow, max-snippet:-1, max-image-preview:large, max-video-preview:-1\" \/>\n<link rel=\"canonical\" href=\"https:\/\/padsweb.es\/miguelpsiquiatra\/depresion\/\" \/>\n<meta property=\"og:locale\" content=\"es_ES\" \/>\n<meta property=\"og:type\" content=\"article\" \/>\n<meta property=\"og:title\" content=\"Depresi\u00f3n - Dr. Miguel Soler Arrebola\" \/>\n<meta property=\"og:description\" content=\"Depresi\u00f3nLa depresi\u00f3n est\u00e1 causada por alteraciones en el funcionamiento del cerebro y como otros trastornos m\u00e9dicos, por ejemplo diabetes o la hipertensi\u00f3n, requiere de un tratamiento m\u00e9dico. Aparte del tratamiento m\u00e9dico se requiere investigar las causas psicol\u00f3gicas por las que se han producido la depresi\u00f3n y tratarlas mediante t\u00e9cnicas psicol\u00f3gicas. En nuestra cl\u00ednica estamos especializados [&hellip;]\" \/>\n<meta property=\"og:url\" content=\"https:\/\/padsweb.es\/miguelpsiquiatra\/depresion\/\" \/>\n<meta property=\"og:site_name\" content=\"Dr. Miguel Soler Arrebola\" \/>\n<meta property=\"article:modified_time\" content=\"2022-11-11T12:26:25+00:00\" \/>\n<meta name=\"twitter:card\" content=\"summary_large_image\" \/>\n<script type=\"application\/ld+json\" class=\"yoast-schema-graph\">{\"@context\":\"https:\\\/\\\/schema.org\",\"@graph\":[{\"@type\":\"WebPage\",\"@id\":\"https:\\\/\\\/padsweb.es\\\/miguelpsiquiatra\\\/depresion\\\/\",\"url\":\"https:\\\/\\\/padsweb.es\\\/miguelpsiquiatra\\\/depresion\\\/\",\"name\":\"Depresi\u00f3n - Dr. Miguel Soler Arrebola\",\"isPartOf\":{\"@id\":\"https:\\\/\\\/padsweb.es\\\/miguelpsiquiatra\\\/#website\"},\"datePublished\":\"2022-11-08T16:01:16+00:00\",\"dateModified\":\"2022-11-11T12:26:25+00:00\",\"breadcrumb\":{\"@id\":\"https:\\\/\\\/padsweb.es\\\/miguelpsiquiatra\\\/depresion\\\/#breadcrumb\"},\"inLanguage\":\"es\",\"potentialAction\":[{\"@type\":\"ReadAction\",\"target\":[\"https:\\\/\\\/padsweb.es\\\/miguelpsiquiatra\\\/depresion\\\/\"]}]},{\"@type\":\"BreadcrumbList\",\"@id\":\"https:\\\/\\\/padsweb.es\\\/miguelpsiquiatra\\\/depresion\\\/#breadcrumb\",\"itemListElement\":[{\"@type\":\"ListItem\",\"position\":1,\"name\":\"Portada\",\"item\":\"https:\\\/\\\/padsweb.es\\\/miguelpsiquiatra\\\/\"},{\"@type\":\"ListItem\",\"position\":2,\"name\":\"Depresi\u00f3n\"}]},{\"@type\":\"WebSite\",\"@id\":\"https:\\\/\\\/padsweb.es\\\/miguelpsiquiatra\\\/#website\",\"url\":\"https:\\\/\\\/padsweb.es\\\/miguelpsiquiatra\\\/\",\"name\":\"Dr. Miguel Soler Arrebola\",\"description\":\"Psiquiatra\",\"potentialAction\":[{\"@type\":\"SearchAction\",\"target\":{\"@type\":\"EntryPoint\",\"urlTemplate\":\"https:\\\/\\\/padsweb.es\\\/miguelpsiquiatra\\\/?s={search_term_string}\"},\"query-input\":{\"@type\":\"PropertyValueSpecification\",\"valueRequired\":true,\"valueName\":\"search_term_string\"}}],\"inLanguage\":\"es\"}]}<\/script>\n<!-- \/ Yoast SEO plugin. -->","yoast_head_json":{"title":"Depresi\u00f3n - Dr. Miguel Soler Arrebola","robots":{"index":"index","follow":"follow","max-snippet":"max-snippet:-1","max-image-preview":"max-image-preview:large","max-video-preview":"max-video-preview:-1"},"canonical":"https:\/\/padsweb.es\/miguelpsiquiatra\/depresion\/","og_locale":"es_ES","og_type":"article","og_title":"Depresi\u00f3n - Dr. Miguel Soler Arrebola","og_description":"Depresi\u00f3nLa depresi\u00f3n est\u00e1 causada por alteraciones en el funcionamiento del cerebro y como otros trastornos m\u00e9dicos, por ejemplo diabetes o la hipertensi\u00f3n, requiere de un tratamiento m\u00e9dico. Aparte del tratamiento m\u00e9dico se requiere investigar las causas psicol\u00f3gicas por las que se han producido la depresi\u00f3n y tratarlas mediante t\u00e9cnicas psicol\u00f3gicas. En nuestra cl\u00ednica estamos especializados [&hellip;]","og_url":"https:\/\/padsweb.es\/miguelpsiquiatra\/depresion\/","og_site_name":"Dr. Miguel Soler Arrebola","article_modified_time":"2022-11-11T12:26:25+00:00","twitter_card":"summary_large_image","schema":{"@context":"https:\/\/schema.org","@graph":[{"@type":"WebPage","@id":"https:\/\/padsweb.es\/miguelpsiquiatra\/depresion\/","url":"https:\/\/padsweb.es\/miguelpsiquiatra\/depresion\/","name":"Depresi\u00f3n - Dr. Miguel Soler Arrebola","isPartOf":{"@id":"https:\/\/padsweb.es\/miguelpsiquiatra\/#website"},"datePublished":"2022-11-08T16:01:16+00:00","dateModified":"2022-11-11T12:26:25+00:00","breadcrumb":{"@id":"https:\/\/padsweb.es\/miguelpsiquiatra\/depresion\/#breadcrumb"},"inLanguage":"es","potentialAction":[{"@type":"ReadAction","target":["https:\/\/padsweb.es\/miguelpsiquiatra\/depresion\/"]}]},{"@type":"BreadcrumbList","@id":"https:\/\/padsweb.es\/miguelpsiquiatra\/depresion\/#breadcrumb","itemListElement":[{"@type":"ListItem","position":1,"name":"Portada","item":"https:\/\/padsweb.es\/miguelpsiquiatra\/"},{"@type":"ListItem","position":2,"name":"Depresi\u00f3n"}]},{"@type":"WebSite","@id":"https:\/\/padsweb.es\/miguelpsiquiatra\/#website","url":"https:\/\/padsweb.es\/miguelpsiquiatra\/","name":"Dr. Miguel Soler Arrebola","description":"Psiquiatra","potentialAction":[{"@type":"SearchAction","target":{"@type":"EntryPoint","urlTemplate":"https:\/\/padsweb.es\/miguelpsiquiatra\/?s={search_term_string}"},"query-input":{"@type":"PropertyValueSpecification","valueRequired":true,"valueName":"search_term_string"}}],"inLanguage":"es"}]}},"_links":{"self":[{"href":"https:\/\/padsweb.es\/miguelpsiquiatra\/wp-json\/wp\/v2\/pages\/9841","targetHints":{"allow":["GET"]}}],"collection":[{"href":"https:\/\/padsweb.es\/miguelpsiquiatra\/wp-json\/wp\/v2\/pages"}],"about":[{"href":"https:\/\/padsweb.es\/miguelpsiquiatra\/wp-json\/wp\/v2\/types\/page"}],"author":[{"embeddable":true,"href":"https:\/\/padsweb.es\/miguelpsiquiatra\/wp-json\/wp\/v2\/users\/2"}],"replies":[{"embeddable":true,"href":"https:\/\/padsweb.es\/miguelpsiquiatra\/wp-json\/wp\/v2\/comments?post=9841"}],"version-history":[{"count":7,"href":"https:\/\/padsweb.es\/miguelpsiquiatra\/wp-json\/wp\/v2\/pages\/9841\/revisions"}],"predecessor-version":[{"id":10046,"href":"https:\/\/padsweb.es\/miguelpsiquiatra\/wp-json\/wp\/v2\/pages\/9841\/revisions\/10046"}],"wp:attachment":[{"href":"https:\/\/padsweb.es\/miguelpsiquiatra\/wp-json\/wp\/v2\/media?parent=9841"}],"curies":[{"name":"wp","href":"https:\/\/api.w.org\/{rel}","templated":true}]}}