{"id":9845,"date":"2022-11-08T16:19:21","date_gmt":"2022-11-08T16:19:21","guid":{"rendered":"https:\/\/padsweb.es\/miguelpsiquiatra\/?page_id=9845"},"modified":"2022-11-11T12:25:01","modified_gmt":"2022-11-11T12:25:01","slug":"ansiedad","status":"publish","type":"page","link":"https:\/\/padsweb.es\/miguelpsiquiatra\/ansiedad\/","title":{"rendered":"Ansiedad"},"content":{"rendered":"<p>[et_pb_section fb_built=\u00bb1&#8243; admin_label=\u00bbAbout\u00bb _builder_version=\u00bb4.16&#8243; _module_preset=\u00bbdefault\u00bb locked=\u00bboff\u00bb global_colors_info=\u00bb{}\u00bb][et_pb_row column_structure=\u00bb2_5,3_5&#8243; _builder_version=\u00bb4.16&#8243; _module_preset=\u00bbdefault\u00bb global_colors_info=\u00bb{}\u00bb][et_pb_column type=\u00bb2_5&#8243; _builder_version=\u00bb4.16&#8243; _module_preset=\u00bbdefault\u00bb global_colors_info=\u00bb{}\u00bb][et_pb_text _builder_version=\u00bb4.18.1&#8243; _module_preset=\u00bbdefault\u00bb text_font=\u00bbMerriweather||||||||\u00bb text_font_size=\u00bb16px\u00bb text_line_height=\u00bb1.8em\u00bb header_2_font=\u00bbTimes New Roman|600|||||||\u00bb header_2_text_color=\u00bb#031c47&#8243; header_2_font_size=\u00bb60px\u00bb header_2_line_height=\u00bb1.2em\u00bb text_font_size_tablet=\u00bb14px\u00bb text_font_size_phone=\u00bb14px\u00bb text_font_size_last_edited=\u00bbon|phone\u00bb header_2_font_size_tablet=\u00bb42px\u00bb header_2_font_size_phone=\u00bb24px\u00bb header_2_font_size_last_edited=\u00bbon|phone\u00bb locked=\u00bboff\u00bb global_colors_info=\u00bb{}\u00bb]<\/p>\n<h2>Ansiedad<\/h2>\n<p>[\/et_pb_text][\/et_pb_column][et_pb_column type=\u00bb3_5&#8243; _builder_version=\u00bb4.16&#8243; _module_preset=\u00bbdefault\u00bb global_colors_info=\u00bb{}\u00bb][et_pb_text _builder_version=\u00bb4.18.1&#8243; _module_preset=\u00bbdefault\u00bb text_font=\u00bbAleo||||||||\u00bb text_text_color=\u00bb#031c47&#8243; text_font_size=\u00bb16px\u00bb text_line_height=\u00bb1.8em\u00bb max_width=\u00bb700px\u00bb module_alignment=\u00bbcenter\u00bb text_font_size_tablet=\u00bb\u00bb text_font_size_phone=\u00bb14px\u00bb text_font_size_last_edited=\u00bbon|phone\u00bb locked=\u00bboff\u00bb global_colors_info=\u00bb{}\u00bb]<\/p>\n<p><strong>La ansiedad<\/strong><span>\u00a0<\/span>es un mecanismo de defensa que se dispara en situaciones que para nosotros implica peligro. Cuando \u00e9sta se dispara ante situaciones no peligrosas y nos afecta a nuestro bienestar ps\u00edquico podemos estar ante un Trastorno de ansiedad.<\/p>\n<p>[\/et_pb_text][\/et_pb_column][\/et_pb_row][\/et_pb_section][et_pb_section fb_built=\u00bb1&#8243; admin_label=\u00bbInfo\u00bb _builder_version=\u00bb4.16&#8243; _module_preset=\u00bbdefault\u00bb locked=\u00bboff\u00bb global_colors_info=\u00bb{}\u00bb][et_pb_row _builder_version=\u00bb4.18.1&#8243; _module_preset=\u00bbdefault\u00bb global_colors_info=\u00bb{}\u00bb][et_pb_column type=\u00bb4_4&#8243; _builder_version=\u00bb4.18.1&#8243; _module_preset=\u00bbdefault\u00bb global_colors_info=\u00bb{}\u00bb][et_pb_text _builder_version=\u00bb4.18.1&#8243; _module_preset=\u00bbdefault\u00bb header_2_font=\u00bbTimes New Roman|600|||||||\u00bb header_2_text_color=\u00bb#0b4475&#8243; header_2_font_size=\u00bb60px\u00bb header_2_line_height=\u00bb1.2em\u00bb text_orientation=\u00bbcenter\u00bb header_2_font_size_tablet=\u00bb42px\u00bb header_2_font_size_phone=\u00bb24px\u00bb header_2_font_size_last_edited=\u00bbon|phone\u00bb locked=\u00bboff\u00bb global_colors_info=\u00bb{}\u00bb]<\/p>\n<h2>Tipos de trastornos de ansiedad<\/h2>\n<p>[\/et_pb_text][\/et_pb_column][\/et_pb_row][et_pb_row column_structure=\u00bb1_2,1_2&#8243; _builder_version=\u00bb4.18.1&#8243; _module_preset=\u00bbdefault\u00bb global_colors_info=\u00bb{}\u00bb][et_pb_column type=\u00bb1_2&#8243; _builder_version=\u00bb4.16&#8243; _module_preset=\u00bbdefault\u00bb global_colors_info=\u00bb{}\u00bb][et_pb_image src=\u00bbhttps:\/\/padsweb.es\/miguelpsiquiatra\/wp-content\/uploads\/2022\/11\/perfil-retrato-mujer-joven-mano-su-frente_1163-2222.webp\u00bb title_text=\u00bbperfil-retrato-mujer-joven-mano-su-frente_1163-2222&#8243; _builder_version=\u00bb4.18.1&#8243; _module_preset=\u00bbdefault\u00bb animation_style=\u00bbflip\u00bb animation_direction=\u00bbtop\u00bb animation_duration=\u00bb500ms\u00bb animation_intensity_flip=\u00bb10%\u00bb animation_intensity_flip_tablet=\u00bb0%\u00bb animation_intensity_flip_phone=\u00bb\u00bb animation_intensity_flip_last_edited=\u00bbon|tablet\u00bb border_radii=\u00bboff|60px||60px|\u00bb border_radii_tablet=\u00bboff|40px||40px|\u00bb border_radii_phone=\u00bboff|30px||30px|\u00bb border_radii_last_edited=\u00bbon|phone\u00bb box_shadow_horizontal_tablet=\u00bb20px\u00bb box_shadow_horizontal_phone=\u00bb10px\u00bb box_shadow_horizontal_last_edited=\u00bbon|phone\u00bb box_shadow_vertical_tablet=\u00bb20px\u00bb box_shadow_vertical_phone=\u00bb10px\u00bb box_shadow_vertical_last_edited=\u00bbon|phone\u00bb box_shadow_blur_tablet=\u00bb30px\u00bb box_shadow_blur_phone=\u00bb30px\u00bb box_shadow_blur_last_edited=\u00bbon|tablet\u00bb locked=\u00bboff\u00bb global_colors_info=\u00bb{}\u00bb][\/et_pb_image][\/et_pb_column][et_pb_column type=\u00bb1_2&#8243; _builder_version=\u00bb4.16&#8243; _module_preset=\u00bbdefault\u00bb global_colors_info=\u00bb{}\u00bb][et_pb_accordion open_toggle_text_color=\u00bb#ffffff\u00bb open_toggle_background_color=\u00bb#005450&#8243; closed_toggle_background_color=\u00bb#f7e8da\u00bb icon_color=\u00bb#031c47&#8243; use_icon_font_size=\u00bbon\u00bb icon_font_size=\u00bb20px\u00bb _builder_version=\u00bb4.18.1&#8243; _module_preset=\u00bbdefault\u00bb toggle_text_color=\u00bb#031c47&#8243; toggle_font=\u00bbTimes New Roman|600|||||||\u00bb toggle_font_size=\u00bb16px\u00bb toggle_line_height=\u00bb1.8em\u00bb closed_toggle_font=\u00bbTimes New Roman||||||||\u00bb body_font=\u00bbAleo||||||||\u00bb body_text_color=\u00bb#FFFFFF\u00bb body_font_size=\u00bb16px\u00bb body_line_height=\u00bb1.8em\u00bb background_enable_color=\u00bboff\u00bb custom_padding=\u00bb5px||||false|false\u00bb toggle_font_size_tablet=\u00bb16px\u00bb toggle_font_size_phone=\u00bb12px\u00bb toggle_font_size_last_edited=\u00bbon|phone\u00bb body_font_size_tablet=\u00bb14px\u00bb body_font_size_phone=\u00bb\u00bb body_font_size_last_edited=\u00bbon|tablet\u00bb border_radii=\u00bbon|12px|12px|12px|12px\u00bb border_width_all=\u00bb5px\u00bb border_color_all=\u00bbrgba(0,0,0,0)\u00bb border_width_all_tablet=\u00bb\u00bb border_width_all_phone=\u00bb0px\u00bb border_width_all_last_edited=\u00bbon|phone\u00bb locked=\u00bboff\u00bb global_colors_info=\u00bb{}\u00bb][et_pb_accordion_item title=\u00bbCrisis de angustia\u00bb open=\u00bbon\u00bb open_toggle_background_color=\u00bb#687791&#8243; _builder_version=\u00bb4.18.1&#8243; _module_preset=\u00bbdefault\u00bb background_color=\u00bb#cddee5&#8243; background_enable_color=\u00bbon\u00bb global_colors_info=\u00bb{}\u00bb]<\/p>\n<p><span>Consiste en una aparici\u00f3n, sin ninguna causa aparente, de una reacci\u00f3n de miedo intenso, acompa\u00f1ada de una sensaci\u00f3n de muerte inminente. Durante estas crisis aparecen s\u00edntomas como falta de aire, palpitaciones, sensaci\u00f3n de mareo o desmayo, adormecimiento de manos y piernas \u2026 Si esto nos ocurre de forma repetida podemos estar ante un\u00a0<\/span><strong>Trastorno de angustia.<\/strong><\/p>\n<p>&nbsp;<\/p>\n<p>[\/et_pb_accordion_item][et_pb_accordion_item title=\u00bbAgorafobia\u00bb open_toggle_background_color=\u00bb#687791&#8243; _builder_version=\u00bb4.18.1&#8243; _module_preset=\u00bbdefault\u00bb background_color=\u00bb#cddee5&#8243; background_enable_color=\u00bbon\u00bb global_colors_info=\u00bb{}\u00bb open=\u00bboff\u00bb]<\/p>\n<p><span>Es el miedo a estar en lugares con mucha gente pej supermercados y otros lugares donde pensamos que no podr\u00edamos recibir ayuda si apareciera una crisis de angustia.<\/span><\/p>\n<p>&nbsp;<\/p>\n<p>[\/et_pb_accordion_item][et_pb_accordion_item title=\u00bbFobias\u00bb open_toggle_background_color=\u00bb#687791&#8243; _builder_version=\u00bb4.18.1&#8243; _module_preset=\u00bbdefault\u00bb background_color=\u00bb#cddee5&#8243; background_enable_color=\u00bbon\u00bb global_colors_info=\u00bb{}\u00bb open=\u00bboff\u00bb]<\/p>\n<p><span>Es la aparici\u00f3n de ansiedad ante la exposici\u00f3n a situaciones u objetos que no suelen ser peligrosos.<\/span><\/p>\n<p>&nbsp;<\/p>\n<p>[\/et_pb_accordion_item][et_pb_accordion_item title=\u00bbFobia social\u00bb open_toggle_background_color=\u00bb#687791&#8243; _builder_version=\u00bb4.18.1&#8243; _module_preset=\u00bbdefault\u00bb background_color=\u00bb#cddee5&#8243; background_enable_color=\u00bbon\u00bb global_colors_info=\u00bb{}\u00bb open=\u00bboff\u00bb]<\/p>\n<p><span>Ansiedad y miedo ante situaciones sociales o actuaciones en p\u00fablico.<\/span><\/p>\n<p>&nbsp;<\/p>\n<p>[\/et_pb_accordion_item][et_pb_accordion_item title=\u00bbTrastorno obsesivo compulsivo\u00bb open_toggle_background_color=\u00bb#687791&#8243; _builder_version=\u00bb4.18.1&#8243; _module_preset=\u00bbdefault\u00bb background_color=\u00bb#cddee5&#8243; background_enable_color=\u00bbon\u00bb global_colors_info=\u00bb{}\u00bb open=\u00bboff\u00bb]<\/p>\n<p><span>Aparici\u00f3n de ideas (obsesiones) que sabemos que son absurdas pero que no podemos parar de pensar y ante las que realizamos determinados actos para calmar la ansiedad que estas nos generan.<\/span><\/p>\n<p>[\/et_pb_accordion_item][et_pb_accordion_item title=\u00bbTrastorno de estr\u00e9s postraum\u00e1tico\u00bb open_toggle_background_color=\u00bb#687791&#8243; _builder_version=\u00bb4.18.1&#8243; _module_preset=\u00bbdefault\u00bb background_color=\u00bb#cddee5&#8243; background_enable_color=\u00bbon\u00bb global_colors_info=\u00bb{}\u00bb open=\u00bboff\u00bb]<\/p>\n<p><span>se reviven circunstancias altamente traumaticas (p ejemplo accidentes) y se realizan maniobras de evitaci\u00f3n ante situaciones que nos recuerdan el trauma.<\/span><\/p>\n<p>[\/et_pb_accordion_item][et_pb_accordion_item title=\u00bbTrastorno de ansiedad generalizada\u00bb open_toggle_background_color=\u00bb#687791&#8243; _builder_version=\u00bb4.18.1&#8243; _module_preset=\u00bbdefault\u00bb background_color=\u00bb#cddee5&#8243; background_enable_color=\u00bbon\u00bb global_colors_info=\u00bb{}\u00bb open=\u00bboff\u00bb]<\/p>\n<p><span>Presencia de ansiedad y preocupaciones de car\u00e1cter excesivo y persistente durante varios meses.<\/span><\/p>\n<p>[\/et_pb_accordion_item][et_pb_accordion_item title=\u00bbHipocondr\u00eda\u00bb open_toggle_background_color=\u00bb#687791&#8243; _builder_version=\u00bb4.18.1&#8243; _module_preset=\u00bbdefault\u00bb background_color=\u00bb#cddee5&#8243; background_enable_color=\u00bbon\u00bb global_colors_info=\u00bb{}\u00bb open=\u00bboff\u00bb]<\/p>\n<p><span>Temor a padecer una enfermedad grave sin padecerla.<\/span><\/p>\n<p>[\/et_pb_accordion_item][\/et_pb_accordion][\/et_pb_column][\/et_pb_row][\/et_pb_section][et_pb_section fb_built=\u00bb1&#8243; admin_label=\u00bbInfo\u00bb _builder_version=\u00bb4.16&#8243; _module_preset=\u00bbdefault\u00bb locked=\u00bboff\u00bb global_colors_info=\u00bb{}\u00bb][et_pb_row _builder_version=\u00bb4.18.1&#8243; _module_preset=\u00bbdefault\u00bb global_colors_info=\u00bb{}\u00bb][et_pb_column type=\u00bb4_4&#8243; _builder_version=\u00bb4.18.1&#8243; _module_preset=\u00bbdefault\u00bb global_colors_info=\u00bb{}\u00bb][et_pb_text _builder_version=\u00bb4.18.1&#8243; _module_preset=\u00bbdefault\u00bb text_font=\u00bb||||||||\u00bb header_2_font=\u00bb|600|||||||\u00bb header_2_text_color=\u00bb#0b4475&#8243; header_2_font_size=\u00bb60px\u00bb header_2_line_height=\u00bb1.2em\u00bb text_orientation=\u00bbcenter\u00bb header_2_font_size_tablet=\u00bb42px\u00bb header_2_font_size_phone=\u00bb24px\u00bb header_2_font_size_last_edited=\u00bbon|phone\u00bb locked=\u00bboff\u00bb global_colors_info=\u00bb{}\u00bb]<\/p>\n<h2>Tratamiento<\/h2>\n<p>[\/et_pb_text][\/et_pb_column][\/et_pb_row][et_pb_row column_structure=\u00bb1_2,1_2&#8243; _builder_version=\u00bb4.18.1&#8243; _module_preset=\u00bbdefault\u00bb global_colors_info=\u00bb{}\u00bb][et_pb_column type=\u00bb1_2&#8243; _builder_version=\u00bb4.16&#8243; _module_preset=\u00bbdefault\u00bb global_colors_info=\u00bb{}\u00bb][et_pb_image src=\u00bbhttps:\/\/padsweb.es\/miguelpsiquiatra\/wp-content\/uploads\/2022\/11\/medical-physician-doctor-man-1-scaled.jpg\u00bb title_text=\u00bbMedical physician doctor man over white background.\u00bb _builder_version=\u00bb4.18.1&#8243; _module_preset=\u00bbdefault\u00bb animation_style=\u00bbflip\u00bb animation_direction=\u00bbtop\u00bb animation_duration=\u00bb500ms\u00bb animation_intensity_flip=\u00bb10%\u00bb animation_intensity_flip_tablet=\u00bb0%\u00bb animation_intensity_flip_phone=\u00bb\u00bb animation_intensity_flip_last_edited=\u00bbon|tablet\u00bb border_radii=\u00bboff|60px||60px|\u00bb border_radii_tablet=\u00bboff|40px||40px|\u00bb border_radii_phone=\u00bboff|30px||30px|\u00bb border_radii_last_edited=\u00bbon|phone\u00bb box_shadow_horizontal_tablet=\u00bb20px\u00bb box_shadow_horizontal_phone=\u00bb10px\u00bb box_shadow_horizontal_last_edited=\u00bbon|phone\u00bb box_shadow_vertical_tablet=\u00bb20px\u00bb box_shadow_vertical_phone=\u00bb10px\u00bb box_shadow_vertical_last_edited=\u00bbon|phone\u00bb box_shadow_blur_tablet=\u00bb30px\u00bb box_shadow_blur_phone=\u00bb30px\u00bb box_shadow_blur_last_edited=\u00bbon|tablet\u00bb locked=\u00bboff\u00bb global_colors_info=\u00bb{}\u00bb][\/et_pb_image][\/et_pb_column][et_pb_column type=\u00bb1_2&#8243; _builder_version=\u00bb4.16&#8243; _module_preset=\u00bbdefault\u00bb global_colors_info=\u00bb{}\u00bb][et_pb_text _builder_version=\u00bb4.18.1&#8243; _module_preset=\u00bbdefault\u00bb text_font=\u00bb||||||||\u00bb text_font_size=\u00bb16px\u00bb text_line_height=\u00bb1.8em\u00bb max_width=\u00bb700px\u00bb module_alignment=\u00bbcenter\u00bb text_font_size_tablet=\u00bb\u00bb text_font_size_phone=\u00bb14px\u00bb text_font_size_last_edited=\u00bbon|phone\u00bb locked=\u00bboff\u00bb global_colors_info=\u00bb{}\u00bb]<\/p>\n<p>El tratamiento psiqui\u00e1trico de los trastornos de ansiedad consiste en una combinaci\u00f3n de medicaci\u00f3n ,para calmar esa ansiedad de forma r\u00e1pida y eficaz, y de diversas t\u00e9cnicas psicol\u00f3gicas para aprender a combatir esa ansiedad.<\/p>\n<p>[\/et_pb_text][\/et_pb_column][\/et_pb_row][\/et_pb_section][et_pb_section fb_built=\u00bb1&#8243; admin_label=\u00bbHow it Works\u00bb _builder_version=\u00bb4.18.1&#8243; _module_preset=\u00bbdefault\u00bb background_color=\u00bb#cddee5&#8243; width_tablet=\u00bb80%\u00bb width_phone=\u00bb\u00bb width_last_edited=\u00bbon|phone\u00bb max_width=\u00bb1080px\u00bb module_alignment=\u00bbcenter\u00bb custom_margin=\u00bb80px||80px||true|false\u00bb custom_margin_tablet=\u00bb||60px||false|false\u00bb custom_margin_phone=\u00bb\u00bb custom_margin_last_edited=\u00bbon|phone\u00bb border_radii=\u00bboff||10px||10px\u00bb locked=\u00bboff\u00bb global_colors_info=\u00bb{}\u00bb][et_pb_row custom_padding_last_edited=\u00bbon|phone\u00bb _builder_version=\u00bb4.16&#8243; _module_preset=\u00bbdefault\u00bb background_color=\u00bb#ffffff\u00bb custom_padding=\u00bb80px|80px|80px|80px|true|true\u00bb custom_padding_tablet=\u00bb40px|30px|40px|30px|true|true\u00bb custom_padding_phone=\u00bb30px|20px|30px|20px|true|true\u00bb animation_style=\u00bbflip\u00bb animation_direction=\u00bbtop\u00bb animation_duration=\u00bb500ms\u00bb animation_intensity_flip=\u00bb10%\u00bb animation_intensity_flip_tablet=\u00bb0%\u00bb animation_intensity_flip_phone=\u00bb\u00bb animation_intensity_flip_last_edited=\u00bbon|tablet\u00bb border_radii=\u00bbon|15px|15px|15px|15px\u00bb box_shadow_style=\u00bbpreset2&#8243; box_shadow_horizontal=\u00bb10px\u00bb box_shadow_vertical=\u00bb10px\u00bb box_shadow_blur=\u00bb25px\u00bb box_shadow_color=\u00bbrgba(50,71,71,0.15)\u00bb locked=\u00bboff\u00bb global_colors_info=\u00bb{}\u00bb][et_pb_column type=\u00bb4_4&#8243; _builder_version=\u00bb4.16&#8243; _module_preset=\u00bbdefault\u00bb global_colors_info=\u00bb{}\u00bb][et_pb_contact_form captcha=\u00bboff\u00bb email=\u00bbmiguelpsiquiatra@hotmail.com\u00bb title=\u00bbContactar\u00bb success_message=\u00bbMensaje enviado con \u00e9xito.\u00bb submit_button_text=\u00bbEnviar\u00bb _builder_version=\u00bb4.18.1&#8243; _module_preset=\u00bbdefault\u00bb form_field_background_color=\u00bbrgba(50,71,71,0.03)\u00bb form_field_text_color=\u00bbrgba(0,39,37,0.6)\u00bb form_field_focus_background_color=\u00bbrgba(50,71,71,0.05)\u00bb form_field_focus_text_color=\u00bb#005450&#8243; form_field_custom_padding=\u00bb|25px||25px|false|true\u00bb form_field_custom_padding_tablet=\u00bb\u00bb form_field_custom_padding_phone=\u00bb|15px||15px|false|true\u00bb form_field_custom_padding_last_edited=\u00bbon|phone\u00bb title_font=\u00bb|600|||||||\u00bb title_text_align=\u00bbcenter\u00bb title_text_color=\u00bb#0a4879&#8243; title_font_size=\u00bb60px\u00bb title_line_height=\u00bb1.4em\u00bb form_field_font=\u00bb|600|||||||\u00bb form_field_font_size=\u00bb18px\u00bb form_field_line_height=\u00bb1.4em\u00bb custom_button=\u00bbon\u00bb button_text_size=\u00bb14px\u00bb button_text_color=\u00bb#ffffff\u00bb button_bg_color=\u00bb#0a4879&#8243; button_border_width=\u00bb0px\u00bb button_border_radius=\u00bb100px\u00bb button_letter_spacing=\u00bb2px\u00bb button_font=\u00bb|||on|||||\u00bb button_custom_padding=\u00bb18px|35px|18px|35px|true|true\u00bb button_custom_padding_tablet=\u00bb14px||14px||true|false\u00bb button_custom_padding_phone=\u00bb12px||12px||true|false\u00bb button_custom_padding_last_edited=\u00bbon|phone\u00bb title_font_size_tablet=\u00bb42px\u00bb title_font_size_phone=\u00bb24px\u00bb title_font_size_last_edited=\u00bbon|phone\u00bb form_field_font_size_tablet=\u00bb16px\u00bb form_field_font_size_phone=\u00bb12px\u00bb form_field_font_size_last_edited=\u00bbon|phone\u00bb button_text_size_tablet=\u00bb\u00bb button_text_size_phone=\u00bb12px\u00bb button_text_size_last_edited=\u00bbon|phone\u00bb border_radii=\u00bbon|27px|27px|27px|27px\u00bb border_radii_tablet=\u00bbon|20px|20px|20px|20px\u00bb border_radii_phone=\u00bbon|10px|10px|10px|10px\u00bb border_radii_last_edited=\u00bbon|phone\u00bb global_colors_info=\u00bb{}\u00bb button_bg_color__hover=\u00bb#687791&#8243; button_bg_color__hover_enabled=\u00bbon|hover\u00bb][et_pb_contact_field field_id=\u00bbNombre\u00bb field_title=\u00bbNombre\u00bb _builder_version=\u00bb4.18.1&#8243; global_colors_info=\u00bb{}\u00bb button_text_size__hover_enabled=\u00bboff\u00bb button_one_text_size__hover_enabled=\u00bboff\u00bb button_two_text_size__hover_enabled=\u00bboff\u00bb button_text_color__hover_enabled=\u00bboff\u00bb button_one_text_color__hover_enabled=\u00bboff\u00bb button_two_text_color__hover_enabled=\u00bboff\u00bb button_border_width__hover_enabled=\u00bboff\u00bb button_one_border_width__hover_enabled=\u00bboff\u00bb button_two_border_width__hover_enabled=\u00bboff\u00bb button_border_color__hover_enabled=\u00bboff\u00bb button_one_border_color__hover_enabled=\u00bboff\u00bb button_two_border_color__hover_enabled=\u00bboff\u00bb button_border_radius__hover_enabled=\u00bboff\u00bb button_one_border_radius__hover_enabled=\u00bboff\u00bb button_two_border_radius__hover_enabled=\u00bboff\u00bb button_letter_spacing__hover_enabled=\u00bboff\u00bb button_one_letter_spacing__hover_enabled=\u00bboff\u00bb button_two_letter_spacing__hover_enabled=\u00bboff\u00bb button_bg_color__hover_enabled=\u00bboff\u00bb button_one_bg_color__hover_enabled=\u00bboff\u00bb button_two_bg_color__hover_enabled=\u00bboff\u00bb][\/et_pb_contact_field][et_pb_contact_field field_id=\u00bbEmail\u00bb field_title=\u00bbDirecci\u00f3n de correo elect\u00f3nico\u00bb field_type=\u00bbemail\u00bb _builder_version=\u00bb4.18.1&#8243; global_colors_info=\u00bb{}\u00bb button_text_size__hover_enabled=\u00bboff\u00bb button_one_text_size__hover_enabled=\u00bboff\u00bb button_two_text_size__hover_enabled=\u00bboff\u00bb button_text_color__hover_enabled=\u00bboff\u00bb button_one_text_color__hover_enabled=\u00bboff\u00bb button_two_text_color__hover_enabled=\u00bboff\u00bb button_border_width__hover_enabled=\u00bboff\u00bb button_one_border_width__hover_enabled=\u00bboff\u00bb button_two_border_width__hover_enabled=\u00bboff\u00bb button_border_color__hover_enabled=\u00bboff\u00bb button_one_border_color__hover_enabled=\u00bboff\u00bb button_two_border_color__hover_enabled=\u00bboff\u00bb button_border_radius__hover_enabled=\u00bboff\u00bb button_one_border_radius__hover_enabled=\u00bboff\u00bb button_two_border_radius__hover_enabled=\u00bboff\u00bb button_letter_spacing__hover_enabled=\u00bboff\u00bb button_one_letter_spacing__hover_enabled=\u00bboff\u00bb button_two_letter_spacing__hover_enabled=\u00bboff\u00bb button_bg_color__hover_enabled=\u00bboff\u00bb button_one_bg_color__hover_enabled=\u00bboff\u00bb button_two_bg_color__hover_enabled=\u00bboff\u00bb][\/et_pb_contact_field][et_pb_contact_field field_id=\u00bbMessage\u00bb field_title=\u00bbMensaje\u00bb field_type=\u00bbtext\u00bb fullwidth_field=\u00bbon\u00bb _builder_version=\u00bb4.18.1&#8243; global_colors_info=\u00bb{}\u00bb button_text_size__hover_enabled=\u00bboff\u00bb button_one_text_size__hover_enabled=\u00bboff\u00bb button_two_text_size__hover_enabled=\u00bboff\u00bb button_text_color__hover_enabled=\u00bboff\u00bb button_one_text_color__hover_enabled=\u00bboff\u00bb button_two_text_color__hover_enabled=\u00bboff\u00bb button_border_width__hover_enabled=\u00bboff\u00bb button_one_border_width__hover_enabled=\u00bboff\u00bb button_two_border_width__hover_enabled=\u00bboff\u00bb button_border_color__hover_enabled=\u00bboff\u00bb button_one_border_color__hover_enabled=\u00bboff\u00bb button_two_border_color__hover_enabled=\u00bboff\u00bb button_border_radius__hover_enabled=\u00bboff\u00bb button_one_border_radius__hover_enabled=\u00bboff\u00bb button_two_border_radius__hover_enabled=\u00bboff\u00bb button_letter_spacing__hover_enabled=\u00bboff\u00bb button_one_letter_spacing__hover_enabled=\u00bboff\u00bb button_two_letter_spacing__hover_enabled=\u00bboff\u00bb button_bg_color__hover_enabled=\u00bboff\u00bb button_one_bg_color__hover_enabled=\u00bboff\u00bb button_two_bg_color__hover_enabled=\u00bboff\u00bb][\/et_pb_contact_field][\/et_pb_contact_form][\/et_pb_column][\/et_pb_row][\/et_pb_section]<\/p>\n","protected":false},"excerpt":{"rendered":"<p>AnsiedadLa ansiedad\u00a0es un mecanismo de defensa que se dispara en situaciones que para nosotros implica peligro. Cuando \u00e9sta se dispara ante situaciones no peligrosas y nos afecta a nuestro bienestar ps\u00edquico podemos estar ante un Trastorno de ansiedad.Tipos de trastornos de ansiedadConsiste en una aparici\u00f3n, sin ninguna causa aparente, de una reacci\u00f3n de miedo intenso, [&hellip;]<\/p>\n","protected":false},"author":2,"featured_media":0,"parent":0,"menu_order":0,"comment_status":"closed","ping_status":"closed","template":"","meta":{"_et_pb_use_builder":"on","_et_pb_old_content":"","_et_gb_content_width":"","_monsterinsights_skip_tracking":false,"_monsterinsights_sitenote_active":false,"_monsterinsights_sitenote_note":"","_monsterinsights_sitenote_category":0,"_joinchat":[],"footnotes":""},"class_list":["post-9845","page","type-page","status-publish","hentry"],"yoast_head":"<!-- This site is optimized with the Yoast SEO plugin v27.4 - https:\/\/yoast.com\/product\/yoast-seo-wordpress\/ -->\n<title>Ansiedad - Dr. Miguel Soler Arrebola<\/title>\n<meta name=\"robots\" content=\"index, follow, max-snippet:-1, max-image-preview:large, max-video-preview:-1\" \/>\n<link rel=\"canonical\" href=\"https:\/\/padsweb.es\/miguelpsiquiatra\/ansiedad\/\" \/>\n<meta property=\"og:locale\" content=\"es_ES\" \/>\n<meta property=\"og:type\" content=\"article\" \/>\n<meta property=\"og:title\" content=\"Ansiedad - Dr. Miguel Soler Arrebola\" \/>\n<meta property=\"og:description\" content=\"AnsiedadLa ansiedad\u00a0es un mecanismo de defensa que se dispara en situaciones que para nosotros implica peligro. Cuando \u00e9sta se dispara ante situaciones no peligrosas y nos afecta a nuestro bienestar ps\u00edquico podemos estar ante un Trastorno de ansiedad.Tipos de trastornos de ansiedadConsiste en una aparici\u00f3n, sin ninguna causa aparente, de una reacci\u00f3n de miedo intenso, [&hellip;]\" \/>\n<meta property=\"og:url\" content=\"https:\/\/padsweb.es\/miguelpsiquiatra\/ansiedad\/\" \/>\n<meta property=\"og:site_name\" content=\"Dr. Miguel Soler Arrebola\" \/>\n<meta property=\"article:modified_time\" content=\"2022-11-11T12:25:01+00:00\" \/>\n<meta name=\"twitter:card\" content=\"summary_large_image\" \/>\n<script type=\"application\/ld+json\" class=\"yoast-schema-graph\">{\"@context\":\"https:\\\/\\\/schema.org\",\"@graph\":[{\"@type\":\"WebPage\",\"@id\":\"https:\\\/\\\/padsweb.es\\\/miguelpsiquiatra\\\/ansiedad\\\/\",\"url\":\"https:\\\/\\\/padsweb.es\\\/miguelpsiquiatra\\\/ansiedad\\\/\",\"name\":\"Ansiedad - Dr. Miguel Soler Arrebola\",\"isPartOf\":{\"@id\":\"https:\\\/\\\/padsweb.es\\\/miguelpsiquiatra\\\/#website\"},\"datePublished\":\"2022-11-08T16:19:21+00:00\",\"dateModified\":\"2022-11-11T12:25:01+00:00\",\"breadcrumb\":{\"@id\":\"https:\\\/\\\/padsweb.es\\\/miguelpsiquiatra\\\/ansiedad\\\/#breadcrumb\"},\"inLanguage\":\"es\",\"potentialAction\":[{\"@type\":\"ReadAction\",\"target\":[\"https:\\\/\\\/padsweb.es\\\/miguelpsiquiatra\\\/ansiedad\\\/\"]}]},{\"@type\":\"BreadcrumbList\",\"@id\":\"https:\\\/\\\/padsweb.es\\\/miguelpsiquiatra\\\/ansiedad\\\/#breadcrumb\",\"itemListElement\":[{\"@type\":\"ListItem\",\"position\":1,\"name\":\"Portada\",\"item\":\"https:\\\/\\\/padsweb.es\\\/miguelpsiquiatra\\\/\"},{\"@type\":\"ListItem\",\"position\":2,\"name\":\"Ansiedad\"}]},{\"@type\":\"WebSite\",\"@id\":\"https:\\\/\\\/padsweb.es\\\/miguelpsiquiatra\\\/#website\",\"url\":\"https:\\\/\\\/padsweb.es\\\/miguelpsiquiatra\\\/\",\"name\":\"Dr. Miguel Soler Arrebola\",\"description\":\"Psiquiatra\",\"potentialAction\":[{\"@type\":\"SearchAction\",\"target\":{\"@type\":\"EntryPoint\",\"urlTemplate\":\"https:\\\/\\\/padsweb.es\\\/miguelpsiquiatra\\\/?s={search_term_string}\"},\"query-input\":{\"@type\":\"PropertyValueSpecification\",\"valueRequired\":true,\"valueName\":\"search_term_string\"}}],\"inLanguage\":\"es\"}]}<\/script>\n<!-- \/ Yoast SEO plugin. -->","yoast_head_json":{"title":"Ansiedad - Dr. Miguel Soler Arrebola","robots":{"index":"index","follow":"follow","max-snippet":"max-snippet:-1","max-image-preview":"max-image-preview:large","max-video-preview":"max-video-preview:-1"},"canonical":"https:\/\/padsweb.es\/miguelpsiquiatra\/ansiedad\/","og_locale":"es_ES","og_type":"article","og_title":"Ansiedad - Dr. Miguel Soler Arrebola","og_description":"AnsiedadLa ansiedad\u00a0es un mecanismo de defensa que se dispara en situaciones que para nosotros implica peligro. Cuando \u00e9sta se dispara ante situaciones no peligrosas y nos afecta a nuestro bienestar ps\u00edquico podemos estar ante un Trastorno de ansiedad.Tipos de trastornos de ansiedadConsiste en una aparici\u00f3n, sin ninguna causa aparente, de una reacci\u00f3n de miedo intenso, [&hellip;]","og_url":"https:\/\/padsweb.es\/miguelpsiquiatra\/ansiedad\/","og_site_name":"Dr. Miguel Soler Arrebola","article_modified_time":"2022-11-11T12:25:01+00:00","twitter_card":"summary_large_image","schema":{"@context":"https:\/\/schema.org","@graph":[{"@type":"WebPage","@id":"https:\/\/padsweb.es\/miguelpsiquiatra\/ansiedad\/","url":"https:\/\/padsweb.es\/miguelpsiquiatra\/ansiedad\/","name":"Ansiedad - Dr. Miguel Soler Arrebola","isPartOf":{"@id":"https:\/\/padsweb.es\/miguelpsiquiatra\/#website"},"datePublished":"2022-11-08T16:19:21+00:00","dateModified":"2022-11-11T12:25:01+00:00","breadcrumb":{"@id":"https:\/\/padsweb.es\/miguelpsiquiatra\/ansiedad\/#breadcrumb"},"inLanguage":"es","potentialAction":[{"@type":"ReadAction","target":["https:\/\/padsweb.es\/miguelpsiquiatra\/ansiedad\/"]}]},{"@type":"BreadcrumbList","@id":"https:\/\/padsweb.es\/miguelpsiquiatra\/ansiedad\/#breadcrumb","itemListElement":[{"@type":"ListItem","position":1,"name":"Portada","item":"https:\/\/padsweb.es\/miguelpsiquiatra\/"},{"@type":"ListItem","position":2,"name":"Ansiedad"}]},{"@type":"WebSite","@id":"https:\/\/padsweb.es\/miguelpsiquiatra\/#website","url":"https:\/\/padsweb.es\/miguelpsiquiatra\/","name":"Dr. Miguel Soler Arrebola","description":"Psiquiatra","potentialAction":[{"@type":"SearchAction","target":{"@type":"EntryPoint","urlTemplate":"https:\/\/padsweb.es\/miguelpsiquiatra\/?s={search_term_string}"},"query-input":{"@type":"PropertyValueSpecification","valueRequired":true,"valueName":"search_term_string"}}],"inLanguage":"es"}]}},"_links":{"self":[{"href":"https:\/\/padsweb.es\/miguelpsiquiatra\/wp-json\/wp\/v2\/pages\/9845","targetHints":{"allow":["GET"]}}],"collection":[{"href":"https:\/\/padsweb.es\/miguelpsiquiatra\/wp-json\/wp\/v2\/pages"}],"about":[{"href":"https:\/\/padsweb.es\/miguelpsiquiatra\/wp-json\/wp\/v2\/types\/page"}],"author":[{"embeddable":true,"href":"https:\/\/padsweb.es\/miguelpsiquiatra\/wp-json\/wp\/v2\/users\/2"}],"replies":[{"embeddable":true,"href":"https:\/\/padsweb.es\/miguelpsiquiatra\/wp-json\/wp\/v2\/comments?post=9845"}],"version-history":[{"count":13,"href":"https:\/\/padsweb.es\/miguelpsiquiatra\/wp-json\/wp\/v2\/pages\/9845\/revisions"}],"predecessor-version":[{"id":10045,"href":"https:\/\/padsweb.es\/miguelpsiquiatra\/wp-json\/wp\/v2\/pages\/9845\/revisions\/10045"}],"wp:attachment":[{"href":"https:\/\/padsweb.es\/miguelpsiquiatra\/wp-json\/wp\/v2\/media?parent=9845"}],"curies":[{"name":"wp","href":"https:\/\/api.w.org\/{rel}","templated":true}]}}